{"id":48,"date":"2015-09-07T04:16:59","date_gmt":"2015-09-07T04:16:59","guid":{"rendered":"http:\/\/todossomosanimales.org\/web\/?page_id=48"},"modified":"2023-10-10T16:16:46","modified_gmt":"2023-10-10T16:16:46","slug":"eventos","status":"publish","type":"page","link":"https:\/\/todossomosanimales.org\/web\/que-hacemos\/eventos\/","title":{"rendered":"Eventos"},"content":{"rendered":"\n<h1><strong>As\u00ed se vivi\u00f3 la Velada Por los Animales 2023<\/strong><\/h1>\n\n\n\n<p><strong>Este s\u00e1bado 7 de octubre, 25 organizaciones y santuarios en defensa de los animales se dar\u00e1n cita en la explanada de Bellas Artes para alzar la voz por los animales, en una acci\u00f3n masiva del tipo <em>performance<\/em>.<\/strong> Esta iniciativa se enmarca en la conmemoraci\u00f3n del D\u00eda Mundial de los Animales, celebrado cada a\u00f1o el 4 de octubre, y la cual tiene como expectativa reunir a m\u00e1s de 500 personas.<\/p>\n\n\n\n<p>La acci\u00f3n, nombrada <strong>Velada Por los Animales<\/strong>, tiene como objetivo arrojar luz sobre la crueldad animal a fin de crear conciencia sobre las injusticias que atraviesan a diario las v\u00edctimas de la explotaci\u00f3n animal desde todo tipo de \u00e1mbitos. Encenderemos velas en las que la luz simboliza ampliar nuestra concientizaci\u00f3n, pero tambi\u00e9n alumbrar la oscuridad mediante la esperanza activa y estrat\u00e9gica para formar un mundo m\u00e1s compasivo.<\/p>\n\n\n\n<p>Las organizaciones y santuarios participantes son <strong>AnimaNaturalis, Animal Heroes, Animal Rebellion, Animal Save, Anonymous For The Voiceless, Aquatic Animal Alliance, Climate Save, DXE, Empty The Tanks, Generaci\u00f3n V, Goyo Santuario, Granjita TyH, Health Save, Huerta Vida Digna, Mercy For Animals, NARD, PETA, Red Veganas Antiespecistas, Santuario Eli, Te Protejo, The Humane League, Tierra Negra, Todos Somos Animales, Va Por Sus Derechos y Veganiza Tu Vida.<\/strong><\/p>\n\n\n\n<p>Esta coalici\u00f3n surge con el objetivo de unir fuerzas, ya que solamente mediante una comunidad organizada y con determinaci\u00f3n, se podr\u00e1 lograr un cambio de percepci\u00f3n y trato hacia los animales. Por primera vez, nos unimos para convocar a una acci\u00f3n masiva para hacer un llamado urgente a la justicia y la compasi\u00f3n porque reconocemos a los animales como seres con nuestra misma capacidad de sentir y con el derecho de llevar una vida sin explotaci\u00f3n, siguiendo sus propios intereses. Creemos que otro mundo es posible, un mundo en el que los animales sean respetados y protegidos, y d\u00eda a d\u00eda trabajamos en conjunto para hacerlo realidad.<\/p>\n\n\n\n<p>La Velada Por los Animales est\u00e1 abierta a todo aquel que quiera asistir, siempre y cuando sea en aras de sumarse a este cambio de manera pac\u00edfica.<\/p>\n\n\n\n<div class=\"wp-block-columns\">\n<div class=\"wp-block-column\" style=\"flex-basis:100%\">\n<figure class=\"wp-block-video alignleft\"><video controls src=\"blob:https:\/\/todossomosanimales.org\/cad3bb00-6f82-4f3b-8da6-aa635283969a\"><\/video><\/figure>\n<\/div>\n<\/div>\n\n\n\n<p> <\/p>\n\n\n\n<figure class=\"wp-block-video\"><video controls src=\"blob:https:\/\/todossomosanimales.org\/ac2d4250-e672-49df-a734-14ff2240f435\"><\/video><\/figure>\n\n\n\n<figure class=\"wp-block-video\"><video controls src=\"blob:https:\/\/todossomosanimales.org\/91237bdc-e1e2-4d0c-be13-b25afd2f3480\"><\/video><\/figure>\n\n\n\n<figure class=\"wp-block-video\"><video controls src=\"blob:https:\/\/todossomosanimales.org\/18993289-d64b-43f4-8b07-3665532dc28f\"><\/video><\/figure>\n\n\n\n<figure class=\"wp-block-video\"><video controls src=\"blob:https:\/\/todossomosanimales.org\/3b04cc35-4779-4a17-a5c6-217b0aa96d5a\"><\/video><\/figure>\n\n\n\n<p> <a href=\"https:\/\/www.somoselmedio.com\/velada-por-los-animales-en-bellas-artes\/\">https:\/\/www.somoselmedio.com\/velada-por-los-animales-en-bellas-artes\/<\/a><\/p>\n\n\n\n<p><a href=\"https:\/\/x.com\/Foro_TV\/status\/1710841018331889986?t=9SiDIgs9V7a1h4_1Hc7r4Q&amp;s=0\">https:\/\/x.com\/Foro_TV\/status\/1710841018331889986?t=9SiDIgs9V7a1h4_1Hc7r4Q&amp;s=0<\/a><\/p>\n\n\n\n<p><a href=\"https:\/\/x.com\/Foro_TV\/status\/1710841018331889986?t=9SiDIgs9V7a1h4_1Hc7r4Q&amp;s=08\">https:\/\/x.com\/Foro_TV\/status\/1710841018331889986?t=9SiDIgs9V7a1h4_1Hc7r4Q&amp;s=08<\/a><\/p>\n\n\n\n<p> <a href=\"https:\/\/x.com\/Foro_TV\/status\/1710841018331889986?t=9SiDIgs9V7a1h4_1Hc7r4Q&amp;s=0\">https:\/\/x.com\/Foro_TV\/status\/1710841018331889986?t=9SiDIgs9V7a1h4_1Hc7r4Q&amp;s=0<\/a><\/p>\n\n\n\n<p> <a href=\"https:\/\/notigram.com\/internacional\/nacional\/activistas-iluminaron-bellas-artes-en-demanda-de-justicia-animal-20231009-1092440\">https:\/\/notigram.com\/internacional\/nacional\/activistas-iluminaron-bellas-artes-en-demanda-de-justicia-animal-20231009-1092440<\/a><\/p>\n\n\n<div id=\"stcpDiv\">\n<h1><strong>No te pierdas la primera edici\u00f3n del Todos Somos Animales Fest.<\/strong><\/h1>\n<div class=\"m8h3af8h l7ghb35v kjdc1dyq kmwttqpk gh25dzvf n3t5jt4f\">\n<h2 dir=\"auto\">Este s\u00e1bado 1o. de octubre a partir de las 15:00 tendremos un divertido evento para toda la familia a baneficio de <a class=\"qi72231t nu7423ey n3hqoq4p r86q59rh b3qcqh3k fq87ekyn bdao358l fsf7x5fv rse6dlih s5oniofx m8h3af8h l7ghb35v kjdc1dyq kmwttqpk srn514ro oxkhqvkx rl78xhln nch0832m cr00lzj9 rn8ck1ys s3jn8y49 icdlwmnq cxfqmxzd d1w2l3lo tes86rjd\" tabindex=\"0\" role=\"link\" href=\"https:\/\/www.facebook.com\/VaPorSusDerechos\/?__cft__[0]=AZWR_JDlTeWQI_GoPI_ApnvnHcC2rcIe7T2jseyp2yEL5vCc2FQYsiZ3cCV6KurUervRSiH5ZS4HimsifheMHa14nRKXMXf2X2TimKTXDkgymtu3RXy45kJO-gEFPDyumP52MSMLbUoJbcCGWWQVQGJtlIch9QCxTSV82u1fQ4JdPSlL47fG7wlDnDLQx_5cYtIR6dMCSMZ1wBcJ2KFWnY_Z&amp;__tn__=kK-R\"><span class=\"rse6dlih\">Va por sus derechos<\/span><\/a> en <a class=\"qi72231t nu7423ey n3hqoq4p r86q59rh b3qcqh3k fq87ekyn bdao358l fsf7x5fv rse6dlih s5oniofx m8h3af8h l7ghb35v kjdc1dyq kmwttqpk srn514ro oxkhqvkx rl78xhln nch0832m cr00lzj9 rn8ck1ys s3jn8y49 icdlwmnq cxfqmxzd d1w2l3lo tes86rjd\" tabindex=\"0\" role=\"link\" href=\"https:\/\/www.facebook.com\/agoraespacioartistico?__cft__[0]=AZWR_JDlTeWQI_GoPI_ApnvnHcC2rcIe7T2jseyp2yEL5vCc2FQYsiZ3cCV6KurUervRSiH5ZS4HimsifheMHa14nRKXMXf2X2TimKTXDkgymtu3RXy45kJO-gEFPDyumP52MSMLbUoJbcCGWWQVQGJtlIch9QCxTSV82u1fQ4JdPSlL47fG7wlDnDLQx_5cYtIR6dMCSMZ1wBcJ2KFWnY_Z&amp;__tn__=-]K-R\"><span class=\"rse6dlih\">\u00c1gora Espacio Art\u00edstico<\/span><\/a>.\u00a0 \u00a0 \u00a0\u00a0<\/h2>\n<\/div>\n<\/div>\n\n\n<p><\/p>\n\n\n\n<p class=\"has-medium-font-size\">Conteremos con mucho talento:<\/p>\n\n\n\n<p class=\"has-medium-font-size\"> &#8211; 15:15hrs .El talentoso cuenta cuentos infantil <a href=\"https:\/\/www.facebook.com\/hashtag\/camilcoc%C3%BA?__eep__=6&amp;__cft__[0]=AZWR_JDlTeWQI_GoPI_ApnvnHcC2rcIe7T2jseyp2yEL5vCc2FQYsiZ3cCV6KurUervRSiH5ZS4HimsifheMHa14nRKXMXf2X2TimKTXDkgymtu3RXy45kJO-gEFPDyumP52MSMLbUoJbcCGWWQVQGJtlIch9QCxTSV82u1fQ4JdPSlL47fG7wlDnDLQx_5cYtIR6dMCSMZ1wBcJ2KFWnY_Z&amp;__tn__=*NK-R\">#CamilCoc\u00fa<\/a> &nbsp; <\/p>\n\n\n\n<p class=\"has-medium-font-size\">&#8211; A las 16:30 hrs. ser\u00e1 la presentaci\u00f3n del libro infantil \u00abMi h\u00e9roe Ram\u00f3n\u00bb a cargo de la fant\u00e1stica pedagoga antiespecista Poleth RH y el extraordinario escritor animalista <a href=\"https:\/\/www.facebook.com\/patobeato?__cft__[0]=AZWR_JDlTeWQI_GoPI_ApnvnHcC2rcIe7T2jseyp2yEL5vCc2FQYsiZ3cCV6KurUervRSiH5ZS4HimsifheMHa14nRKXMXf2X2TimKTXDkgymtu3RXy45kJO-gEFPDyumP52MSMLbUoJbcCGWWQVQGJtlIch9QCxTSV82u1fQ4JdPSlL47fG7wlDnDLQx_5cYtIR6dMCSMZ1wBcJ2KFWnY_Z&amp;__tn__=-]K-R\">Aldo Rosales Vel\u00e1zquez<\/a> &nbsp; <\/p>\n\n\n\n<p class=\"has-medium-font-size\">-A las 17:45 hrs. Danza a\u00e9rea con <a href=\"https:\/\/www.facebook.com\/profile.php?id=100069626636794&amp;__cft__[0]=AZWR_JDlTeWQI_GoPI_ApnvnHcC2rcIe7T2jseyp2yEL5vCc2FQYsiZ3cCV6KurUervRSiH5ZS4HimsifheMHa14nRKXMXf2X2TimKTXDkgymtu3RXy45kJO-gEFPDyumP52MSMLbUoJbcCGWWQVQGJtlIch9QCxTSV82u1fQ4JdPSlL47fG7wlDnDLQx_5cYtIR6dMCSMZ1wBcJ2KFWnY_Z&amp;__tn__=-]K-R\">Aquelarre\/ Laboratorio de danza<\/a> &nbsp; <\/p>\n\n\n\n<p class=\"has-medium-font-size\">&#8211; Los talentosos amigos de <a href=\"https:\/\/www.facebook.com\/standuperRoCrew?__cft__[0]=AZWR_JDlTeWQI_GoPI_ApnvnHcC2rcIe7T2jseyp2yEL5vCc2FQYsiZ3cCV6KurUervRSiH5ZS4HimsifheMHa14nRKXMXf2X2TimKTXDkgymtu3RXy45kJO-gEFPDyumP52MSMLbUoJbcCGWWQVQGJtlIch9QCxTSV82u1fQ4JdPSlL47fG7wlDnDLQx_5cYtIR6dMCSMZ1wBcJ2KFWnY_Z&amp;__tn__=-]K-R\">StanduperRo crew<\/a> Juan Tinoco y Tudo S\u00e1nchez nos har\u00e1n re\u00edr a partir de las 18:30 hrs.<\/p>\n\n\n\n<div class=\"wp-container-1 wp-block-group\"><div class=\"wp-block-group__inner-container\">\n<p class=\"has-medium-font-size\">&#8211; Y a las 19:15 hrs. cerraremos con mucha m\u00fasica de los 80s y 90s con <a href=\"https:\/\/www.facebook.com\/mangocoolmx\/?__cft__[0]=AZWR_JDlTeWQI_GoPI_ApnvnHcC2rcIe7T2jseyp2yEL5vCc2FQYsiZ3cCV6KurUervRSiH5ZS4HimsifheMHa14nRKXMXf2X2TimKTXDkgymtu3RXy45kJO-gEFPDyumP52MSMLbUoJbcCGWWQVQGJtlIch9QCxTSV82u1fQ4JdPSlL47fG7wlDnDLQx_5cYtIR6dMCSMZ1wBcJ2KFWnY_Z&amp;__tn__=kK-R\">Mango Cool &#8211; Music Covers<\/a> &nbsp; <\/p>\n\n\n\n<p class=\"has-medium-font-size\">Adem\u00e1s de la deliciosa comida de <a href=\"https:\/\/www.facebook.com\/profile.php?id=100034784934311&amp;__cft__[0]=AZWR_JDlTeWQI_GoPI_ApnvnHcC2rcIe7T2jseyp2yEL5vCc2FQYsiZ3cCV6KurUervRSiH5ZS4HimsifheMHa14nRKXMXf2X2TimKTXDkgymtu3RXy45kJO-gEFPDyumP52MSMLbUoJbcCGWWQVQGJtlIch9QCxTSV82u1fQ4JdPSlL47fG7wlDnDLQx_5cYtIR6dMCSMZ1wBcJ2KFWnY_Z&amp;__tn__=-]K-R\">Estaci\u00f3n Vegana Oficial<\/a>, libros de <a href=\"https:\/\/www.facebook.com\/tiempoanimal\/?__cft__[0]=AZWR_JDlTeWQI_GoPI_ApnvnHcC2rcIe7T2jseyp2yEL5vCc2FQYsiZ3cCV6KurUervRSiH5ZS4HimsifheMHa14nRKXMXf2X2TimKTXDkgymtu3RXy45kJO-gEFPDyumP52MSMLbUoJbcCGWWQVQGJtlIch9QCxTSV82u1fQ4JdPSlL47fG7wlDnDLQx_5cYtIR6dMCSMZ1wBcJ2KFWnY_Z&amp;__tn__=kK-R\">Tiempo Animal<\/a> y <a href=\"https:\/\/www.facebook.com\/PerritosMestizos8\/?__cft__[0]=AZWR_JDlTeWQI_GoPI_ApnvnHcC2rcIe7T2jseyp2yEL5vCc2FQYsiZ3cCV6KurUervRSiH5ZS4HimsifheMHa14nRKXMXf2X2TimKTXDkgymtu3RXy45kJO-gEFPDyumP52MSMLbUoJbcCGWWQVQGJtlIch9QCxTSV82u1fQ4JdPSlL47fG7wlDnDLQx_5cYtIR6dMCSMZ1wBcJ2KFWnY_Z&amp;__tn__=kK-R\">Perritos Mestizos<\/a>, artesan\u00eda de <a href=\"https:\/\/www.facebook.com\/hashtag\/casanahuala?__eep__=6&amp;__cft__[0]=AZWR_JDlTeWQI_GoPI_ApnvnHcC2rcIe7T2jseyp2yEL5vCc2FQYsiZ3cCV6KurUervRSiH5ZS4HimsifheMHa14nRKXMXf2X2TimKTXDkgymtu3RXy45kJO-gEFPDyumP52MSMLbUoJbcCGWWQVQGJtlIch9QCxTSV82u1fQ4JdPSlL47fG7wlDnDLQx_5cYtIR6dMCSMZ1wBcJ2KFWnY_Z&amp;__tn__=*NK-R\">#CasaNahuala<\/a>, consultas m\u00e9dicas con <a href=\"https:\/\/www.facebook.com\/amy.peralta.779?__cft__[0]=AZWR_JDlTeWQI_GoPI_ApnvnHcC2rcIe7T2jseyp2yEL5vCc2FQYsiZ3cCV6KurUervRSiH5ZS4HimsifheMHa14nRKXMXf2X2TimKTXDkgymtu3RXy45kJO-gEFPDyumP52MSMLbUoJbcCGWWQVQGJtlIch9QCxTSV82u1fQ4JdPSlL47fG7wlDnDLQx_5cYtIR6dMCSMZ1wBcJ2KFWnY_Z&amp;__tn__=-]K-R\">Amy Peralta<\/a> y muchas sorpresas m\u00e1s. &nbsp; <\/p>\n\n\n\n<p class=\"has-medium-font-size\">Compra tus boletos desde ya en el siguiente link para que recibas beneficios adicionales <img loading=\"lazy\" width=\"16\" height=\"16\" src=\"https:\/\/static.xx.fbcdn.net\/images\/emoji.php\/v9\/t4f\/1\/16\/1f447.png\" alt=\"&#x1f447;\"><\/p>\n\n\n\n<h2 class=\"has-text-align-center has-medium-font-size\"><a href=\"https:\/\/bit.ly\/TodosSomosAnimalesFest?fbclid=IwAR0LRbYXKgoaXyFt29NNtjjopIfHmYXIMZmb7vJLx_a5k1Q9Prx9XZ4pBO8\" target=\"_blank\" rel=\"noreferrer noopener\">https:\/\/bit.ly\/TodosSomosAnimalesFest<\/a><\/h2>\n<\/div><\/div>\n\n\n\n<div class=\"wp-block-image\"><figure class=\"aligncenter\"><a href=\"https:\/\/todossomosanimales.org\/web\/wp-content\/uploads\/2022\/09\/QR.jpeg\"><img loading=\"lazy\" width=\"300\" height=\"300\" src=\"https:\/\/todossomosanimales.org\/web\/wp-content\/uploads\/2022\/09\/QR-300x300.jpeg\" alt=\"\" class=\"wp-image-1881\" srcset=\"https:\/\/todossomosanimales.org\/web\/wp-content\/uploads\/2022\/09\/QR-300x300.jpeg 300w, https:\/\/todossomosanimales.org\/web\/wp-content\/uploads\/2022\/09\/QR-1024x1024.jpeg 1024w, https:\/\/todossomosanimales.org\/web\/wp-content\/uploads\/2022\/09\/QR-150x150.jpeg 150w, https:\/\/todossomosanimales.org\/web\/wp-content\/uploads\/2022\/09\/QR-768x768.jpeg 768w, https:\/\/todossomosanimales.org\/web\/wp-content\/uploads\/2022\/09\/QR.jpeg 1280w\" sizes=\"(max-width: 300px) 100vw, 300px\" \/><\/a><\/figure><\/div>\n\n\n\n<div class=\"wp-container-2 wp-block-group\"><div class=\"wp-block-group__inner-container\">\n<h2 class=\"has-text-align-center has-medium-font-size\" id=\"0DE9E47C-871A-4F90-8440-B190C216800A_7\">Ah, y los menores de 12 a\u00f1os entran gratis.<\/h2>\n\n\n\n<p class=\"has-medium-font-size\">\u00a1Te esperamos.<\/p>\n\n\n\n<p class=\"has-medium-font-size\">Organiza <a href=\"https:\/\/www.facebook.com\/hashtag\/todossomosanimales?__eep__=6&amp;__cft__[0]=AZWR_JDlTeWQI_GoPI_ApnvnHcC2rcIe7T2jseyp2yEL5vCc2FQYsiZ3cCV6KurUervRSiH5ZS4HimsifheMHa14nRKXMXf2X2TimKTXDkgymtu3RXy45kJO-gEFPDyumP52MSMLbUoJbcCGWWQVQGJtlIch9QCxTSV82u1fQ4JdPSlL47fG7wlDnDLQx_5cYtIR6dMCSMZ1wBcJ2KFWnY_Z&amp;__tn__=*NK-R\">#TodosSomosAnimales<\/a> s\u00ed, tambi\u00e9n t\u00fa.<\/p>\n<\/div><\/div>\n\n\n\n<figure class=\"wp-block-image size-large\"><a href=\"https:\/\/todossomosanimales.org\/web\/wp-content\/uploads\/2022\/09\/PosterTSAFest-01-2-scaled.jpg\"><img loading=\"lazy\" width=\"722\" height=\"1024\" src=\"https:\/\/todossomosanimales.org\/web\/wp-content\/uploads\/2022\/09\/PosterTSAFest-01-2-722x1024.jpg\" alt=\"\" class=\"wp-image-1903\" srcset=\"https:\/\/todossomosanimales.org\/web\/wp-content\/uploads\/2022\/09\/PosterTSAFest-01-2-722x1024.jpg 722w, https:\/\/todossomosanimales.org\/web\/wp-content\/uploads\/2022\/09\/PosterTSAFest-01-2-212x300.jpg 212w, https:\/\/todossomosanimales.org\/web\/wp-content\/uploads\/2022\/09\/PosterTSAFest-01-2-768x1089.jpg 768w, https:\/\/todossomosanimales.org\/web\/wp-content\/uploads\/2022\/09\/PosterTSAFest-01-2-1084x1536.jpg 1084w, https:\/\/todossomosanimales.org\/web\/wp-content\/uploads\/2022\/09\/PosterTSAFest-01-2-1445x2048.jpg 1445w, https:\/\/todossomosanimales.org\/web\/wp-content\/uploads\/2022\/09\/PosterTSAFest-01-2-scaled.jpg 1806w\" sizes=\"(max-width: 722px) 100vw, 722px\" \/><\/a><\/figure>\n\n\n\n<h1><a href=\"https:\/\/todossomosanimales.org\/web\/wp-content\/uploads\/2022\/09\/CAMILO-COCU.png\"><\/a> <a href=\"https:\/\/todossomosanimales.org\/web\/wp-content\/uploads\/2022\/09\/CASA-NAHUALA.png\"><\/a> <a href=\"https:\/\/todossomosanimales.org\/web\/wp-content\/uploads\/2022\/09\/ESTACION-VEGANA.png\"><\/a> <a href=\"https:\/\/todossomosanimales.org\/web\/wp-content\/uploads\/2022\/09\/GALA-DE-DISENO-Y-SABOR.png\"><\/a><\/h1>\n\n\n\n<h1><a href=\"https:\/\/todossomosanimales.org\/web\/wp-content\/uploads\/2022\/09\/MAGO-COOL.png\"><\/a> <a href=\"https:\/\/todossomosanimales.org\/web\/wp-content\/uploads\/2022\/09\/MI-HEROE-RAMON.png\"><\/a> <a href=\"https:\/\/todossomosanimales.org\/web\/wp-content\/uploads\/2022\/09\/NADIA-RUIZ.png\"><\/a> <a href=\"https:\/\/todossomosanimales.org\/web\/wp-content\/uploads\/2022\/09\/PERRITOS-MESTIZOS.png\"><\/a><\/h1>\n\n\n\n<h1><a href=\"https:\/\/todossomosanimales.org\/web\/wp-content\/uploads\/2022\/09\/PVZ-LATINO.png\"><\/a> <a href=\"https:\/\/todossomosanimales.org\/web\/wp-content\/uploads\/2022\/09\/STANDU-PER-RO.png\"><\/a> <a href=\"https:\/\/todossomosanimales.org\/web\/wp-content\/uploads\/2022\/09\/TIEMPO-ANIMAL.png\"><\/a><\/h1>\n","protected":false},"excerpt":{"rendered":"<p>As\u00ed se vivi\u00f3 la Velada Por los Animales 2023 Este s\u00e1bado 7 de octubre, 25 organizaciones y santuarios en defensa de los animales se dar\u00e1n cita en la explanada de Bellas Artes para alzar la voz por los animales, en una acci\u00f3n masiva del tipo performance. Esta iniciativa se enmarca en la conmemoraci\u00f3n del D\u00eda &hellip;<\/p>\n<p class=\"read-more\"> <a class=\"\" href=\"https:\/\/todossomosanimales.org\/web\/que-hacemos\/eventos\/\"> <span class=\"screen-reader-text\">Eventos<\/span> Leer m\u00e1s &raquo;<\/a><\/p>\n","protected":false},"author":1,"featured_media":1949,"parent":16,"menu_order":2,"comment_status":"open","ping_status":"closed","template":"","meta":{"site-sidebar-layout":"default","site-content-layout":"default","ast-main-header-display":"","ast-hfb-above-header-display":"","ast-hfb-below-header-display":"","ast-hfb-mobile-header-display":"","site-post-title":"","ast-breadcrumbs-content":"","ast-featured-img":"","footer-sml-layout":"","theme-transparent-header-meta":"","adv-header-id-meta":"","stick-header-meta":"","header-above-stick-meta":"","header-main-stick-meta":"","header-below-stick-meta":""},"_links":{"self":[{"href":"https:\/\/todossomosanimales.org\/web\/wp-json\/wp\/v2\/pages\/48"}],"collection":[{"href":"https:\/\/todossomosanimales.org\/web\/wp-json\/wp\/v2\/pages"}],"about":[{"href":"https:\/\/todossomosanimales.org\/web\/wp-json\/wp\/v2\/types\/page"}],"author":[{"embeddable":true,"href":"https:\/\/todossomosanimales.org\/web\/wp-json\/wp\/v2\/users\/1"}],"replies":[{"embeddable":true,"href":"https:\/\/todossomosanimales.org\/web\/wp-json\/wp\/v2\/comments?post=48"}],"version-history":[{"count":14,"href":"https:\/\/todossomosanimales.org\/web\/wp-json\/wp\/v2\/pages\/48\/revisions"}],"predecessor-version":[{"id":1961,"href":"https:\/\/todossomosanimales.org\/web\/wp-json\/wp\/v2\/pages\/48\/revisions\/1961"}],"up":[{"embeddable":true,"href":"https:\/\/todossomosanimales.org\/web\/wp-json\/wp\/v2\/pages\/16"}],"wp:featuredmedia":[{"embeddable":true,"href":"https:\/\/todossomosanimales.org\/web\/wp-json\/wp\/v2\/media\/1949"}],"wp:attachment":[{"href":"https:\/\/todossomosanimales.org\/web\/wp-json\/wp\/v2\/media?parent=48"}],"curies":[{"name":"wp","href":"https:\/\/api.w.org\/{rel}","templated":true}]}}