{"id":283,"date":"2017-10-18T01:40:24","date_gmt":"2017-10-18T01:40:24","guid":{"rendered":"http:\/\/todossomosanimales.org\/web\/?page_id=283"},"modified":"2020-04-13T14:38:44","modified_gmt":"2020-04-13T14:38:44","slug":"la-agencia-de-atencion-animal-y-la-revelacion-en-lo-oscurito-de-su-nueva-directora","status":"publish","type":"page","link":"https:\/\/todossomosanimales.org\/web\/noticias\/la-agencia-de-atencion-animal-y-la-revelacion-en-lo-oscurito-de-su-nueva-directora\/","title":{"rendered":"La Agencia de Atenci\u00f3n Animal y la revelaci\u00f3n en \u00ablo oscurito\u00bb de su Directora"},"content":{"rendered":"<h1>COMUNICADO DE PRENSA<\/h1>\n<h2>LLAMA LA ATENCI\u00d3N LO HERM\u00c9TICO QUE RESULT\u00d3 EL PROCESO DE SELECCI\u00d3N SIN QUE HASTA LA FECHA SE HAYAN DADO A CONOCER LOS CRITERIOS DE SELECCI\u00d3N NI LOS MOTIVOS DE ELECCI\u00d3N DE LA MVZ SANDRA HERN\u00c1NDEZ.<\/h2>\n<p><strong>Ciudad de M\u00e9xico, 16 de octubre de 2017: El d\u00eda de hoy fuimos sorprendidos con un post de la cuenta personal de Facebook de Manuel Granados, Consejero Jur\u00eddico del Gobierno de la CDMX, en el que presenta a la MVZ Sandra Elizabeth Hern\u00e1ndez M\u00e9ndez como la nueva directora de la Agencia de Protecci\u00f3n Animal.<\/strong><\/p>\n<p><a href=\"https:\/\/www.facebook.com\/ManuelGranadosC\/posts\/1146136295521038\">https:\/\/www.facebook.com\/ManuelGranadosC\/posts\/1146136295521038<\/a><\/p>\n<p>Hace alrededor de dos a\u00f1os que fuimos invitados, junto con un importante grupo de animalistas, para participar en las mesas de trabajo semanales de que dar\u00edan forma a la recientemente aprobada Agencia de Atenci\u00f3n Animal hacia la que muchos se mostraron esc\u00e9pticos, incluso abandonando las reuniones de trabajo, y en la que nosotros depositamos nuestra confianza.<\/p>\n<p>Sin duda, la Agencia de Atenci\u00f3n Animal es un logro que hemos celebrado p\u00fablicamente no solo por el hecho de su creaci\u00f3n sino por haber conseguido que finalmente sociedad civil y gobierno trabajaran juntos a favor de los animales no-humanos.<\/p>\n<p>Y si bien fuimos invitados a colaborar en todo momento es importante dar a conocer que nunca fuimos convocados para formar parte del proceso de elecci\u00f3n del director de la agencia y que la autoridad siempre se mantuvo herm\u00e9tica en ese sentido. Creemos que luego de dos a\u00f1os de trabajo activo tambi\u00e9n debimos formar parte de dicho proceso con derecho a voz y a voto. Y es inevitable no generar suspicacias ante semejante omisi\u00f3n, sobre todo al recordar que en junio pasado la autoridad propuso al Mtro. en Reproducci\u00f3n Animal Carlos Esquivel Lacroix como candidato a la direcci\u00f3n de la Agencia, cuya especialidad lo coloca en un claro conflicto de intereses, adem\u00e1s de su pol\u00e9mico aval a nombre de la UNAM de la conocida tienda +Kota<a href=\"#_ftn1\" name=\"_ftnref1\">[1]<\/a>\u00a0en t\u00e9rminos de bienestar animal y de quien ya sabemos fue tal el descontento de la sociedad civil que tuvieron que buscar un nuevo candidato. Y la pregunta era en aquel entonces \u00bfpor qu\u00e9 de entre todos los candidatos posibles tuvieron que elegir a alguien de tan controvertible perfil?<\/p>\n<p>Hubi\u00e9ramos querido una convocatoria abierta, conocer a los candidatos postulantes y opinar al respecto. Hubi\u00e9ramos querido un proceso absolutamente transparente y participativo, as\u00ed como fue la construcci\u00f3n de la agencia.<\/p>\n<p>En este momento lo que solicitamos es conocer cu\u00e1les fueron los requisitos que se les solicitaron a los postulantes, cu\u00e1ntos postulantes hubo, qui\u00e9nes fueron esos postulantes, cu\u00e1les fueron los razonamientos para elegir a la MVZ Hern\u00e1ndez, etc.<\/p>\n<p>Aprovechamos para solicitar que se haga una convocatoria abierta para elegir a los miembros del Consejo de Asociaciones Protectoras que colaborar\u00e1n con dicha agencia y desde ya exhortamos a formar un Consejo plural.<\/p>\n<h2><strong>Buscamos sumar, como lo hicimos en este largo proceso de dos a\u00f1os, y buscamos asegurarnos de que quien encabece un proyecto de esta magnitud comparta con la comunidad animalista la genuina convicci\u00f3n y el \u00fanico inter\u00e9s de beneficiar a los animales no-humanos.<\/strong><\/h2>\n<p>Estaremos pendientes de las acciones de la MVZ Hern\u00e1ndez. Nosotros estamos listos y entusiastas para seguir colaborando.<\/p>\n<table>\n<tbody>\n<tr>\n<td width=\"156\">\n<p style=\"text-align: center;\"><strong>Norma Huerta<\/strong><\/p>\n<\/td>\n<td style=\"text-align: center;\" width=\"156\"><strong>Gabriela Rosales<\/strong><\/td>\n<td style=\"text-align: center;\" width=\"156\"><strong>Berenice Sarabia<\/strong><\/td>\n<td style=\"text-align: center;\" width=\"156\"><strong>Sandra Segovia<\/strong><\/td>\n<\/tr>\n<tr>\n<td style=\"text-align: center;\" width=\"156\"><strong>Mundo Patitas<\/strong><\/td>\n<td style=\"text-align: center;\" width=\"156\"><strong>Protector Independiente<\/strong><\/td>\n<td style=\"text-align: center;\" width=\"156\"><strong>Activista<\/strong><\/td>\n<td width=\"156\">\n<p style=\"text-align: center;\"><strong>Todos Somos Animales<\/strong><\/p>\n<\/td>\n<\/tr>\n<\/tbody>\n<\/table>\n<p><a href=\"#_ftnref1\" name=\"_ftn1\">[1]<\/a>\u00a0<a href=\"https:\/\/www.youtube.com\/watch?v=tUEs7L2blmg\">https:\/\/www.youtube.com\/watch?v=tUEs7L2blmg<\/a><\/p>\n","protected":false},"excerpt":{"rendered":"<p>COMUNICADO DE PRENSA LLAMA LA ATENCI\u00d3N LO HERM\u00c9TICO QUE RESULT\u00d3 EL PROCESO DE SELECCI\u00d3N SIN QUE HASTA LA FECHA SE HAYAN DADO A CONOCER LOS CRITERIOS DE SELECCI\u00d3N NI LOS MOTIVOS DE ELECCI\u00d3N DE LA MVZ SANDRA HERN\u00c1NDEZ. Ciudad de M\u00e9xico, 16 de octubre de 2017: El d\u00eda de hoy fuimos sorprendidos con un post &hellip;<\/p>\n<p class=\"read-more\"> <a class=\"\" href=\"https:\/\/todossomosanimales.org\/web\/noticias\/la-agencia-de-atencion-animal-y-la-revelacion-en-lo-oscurito-de-su-nueva-directora\/\"> <span class=\"screen-reader-text\">La Agencia de Atenci\u00f3n Animal y la revelaci\u00f3n en \u00ablo oscurito\u00bb de su Directora<\/span> Leer m\u00e1s &raquo;<\/a><\/p>\n","protected":false},"author":2,"featured_media":0,"parent":20,"menu_order":7,"comment_status":"closed","ping_status":"closed","template":"","meta":{"site-sidebar-layout":"default","site-content-layout":"default","ast-main-header-display":"","ast-hfb-above-header-display":"","ast-hfb-below-header-display":"","ast-hfb-mobile-header-display":"","site-post-title":"","ast-breadcrumbs-content":"","ast-featured-img":"","footer-sml-layout":"","theme-transparent-header-meta":"","adv-header-id-meta":"","stick-header-meta":"","header-above-stick-meta":"","header-main-stick-meta":"","header-below-stick-meta":""},"_links":{"self":[{"href":"https:\/\/todossomosanimales.org\/web\/wp-json\/wp\/v2\/pages\/283"}],"collection":[{"href":"https:\/\/todossomosanimales.org\/web\/wp-json\/wp\/v2\/pages"}],"about":[{"href":"https:\/\/todossomosanimales.org\/web\/wp-json\/wp\/v2\/types\/page"}],"author":[{"embeddable":true,"href":"https:\/\/todossomosanimales.org\/web\/wp-json\/wp\/v2\/users\/2"}],"replies":[{"embeddable":true,"href":"https:\/\/todossomosanimales.org\/web\/wp-json\/wp\/v2\/comments?post=283"}],"version-history":[{"count":3,"href":"https:\/\/todossomosanimales.org\/web\/wp-json\/wp\/v2\/pages\/283\/revisions"}],"predecessor-version":[{"id":285,"href":"https:\/\/todossomosanimales.org\/web\/wp-json\/wp\/v2\/pages\/283\/revisions\/285"}],"up":[{"embeddable":true,"href":"https:\/\/todossomosanimales.org\/web\/wp-json\/wp\/v2\/pages\/20"}],"wp:attachment":[{"href":"https:\/\/todossomosanimales.org\/web\/wp-json\/wp\/v2\/media?parent=283"}],"curies":[{"name":"wp","href":"https:\/\/api.w.org\/{rel}","templated":true}]}}