{"id":20,"date":"2015-09-07T01:35:25","date_gmt":"2015-09-07T01:35:25","guid":{"rendered":"http:\/\/todossomosanimales.org\/web\/?page_id=20"},"modified":"2022-02-25T05:43:55","modified_gmt":"2022-02-25T05:43:55","slug":"noticias","status":"publish","type":"page","link":"https:\/\/todossomosanimales.org\/web\/noticias\/","title":{"rendered":"Noticias"},"content":{"rendered":"<h1>\u00a0Los albergues para animales de la CDMX est\u00e1n en emergencia: no hay donaciones y falta alimento<\/h1>\n<header class=\"header | col widescreen-12 desktop-12 tablet-12 width_full\">\n<div class=\"article-header font_tertiary\">\n<h2 class=\"article-subheadline | article-subheadline padding_vertical_5px border_bottom border_1 border_lightgray width_full\">Debido al coronavirus, los animales tanto de refugios, como de zool\u00f3gicos est\u00e1n al borde de una hambruna<\/h2>\n<\/div>\n<div class=\"grid\">\n<div class=\"byline | font_tertiary display_flex align_items_center isText col widescreen-8 desktop-8 tablet-12 width_full\">\n<div class=\"authors | margin_horizontal_5px color_black display_inline border_2 border_right border_middlegray\">Por\u00a0<span class=\"author | margin_horizontal_5px bold\">Ana Hern\u00e1ndez Castillo<\/span><\/div>\n<div class=\"datetime | display_inline color_light_gray font_size_17\">6 de Mayo de 2020<\/div>\n<\/div>\n<\/div>\n<\/header>\n<article class=\"article | col widescreen-8 desktop-8 tablet-12 width_full\"><a class=\"link | color_inherit display_inline_block width_full margin_vertical_5px visual__video\"><picture class=\"font_tertiary visual__image\"><source srcset=\"https:\/\/www.infobae.com\/new-resizer\/vdWgApeBiQCvqyJu-o3oqEsuVTY=\/420x280\/filters:format(webp):quality(70)\/arc-anglerfish-arc2-prod-infobae.s3.amazonaws.com\/public\/AC2M3RNSWFGDRAAL76BCMX4BYA.jpg 420w\" type=\"image\/webp\" \/><source srcset=\"https:\/\/www.infobae.com\/new-resizer\/ahChsHxKJRjBtGQ6n1lv9Uq2tNQ=\/768x512\/filters:format(webp):quality(70)\/arc-anglerfish-arc2-prod-infobae.s3.amazonaws.com\/public\/AC2M3RNSWFGDRAAL76BCMX4BYA.jpg 768w\" type=\"image\/webp\" \/><source srcset=\"https:\/\/www.infobae.com\/new-resizer\/ahChsHxKJRjBtGQ6n1lv9Uq2tNQ=\/768x512\/filters:format(webp):quality(70)\/arc-anglerfish-arc2-prod-infobae.s3.amazonaws.com\/public\/AC2M3RNSWFGDRAAL76BCMX4BYA.jpg 992w\" type=\"image\/webp\" \/><source srcset=\"https:\/\/www.infobae.com\/new-resizer\/ahChsHxKJRjBtGQ6n1lv9Uq2tNQ=\/768x512\/filters:format(webp):quality(70)\/arc-anglerfish-arc2-prod-infobae.s3.amazonaws.com\/public\/AC2M3RNSWFGDRAAL76BCMX4BYA.jpg 1200w\" type=\"image\/webp\" \/>Los animales tambi\u00e9n sufrir\u00e1n las consecuencias de la pandemia (Foto: Shutterstock)<\/picture><\/a><\/p>\n<p class=\"font_tertiary paragraph\">La pandemia del nuevo coronavirus ha obligado a la gente del mundo a cambiar ciertos h\u00e1bitos, e incluso a ayudar a los seres m\u00e1s necesitados, como los animales. Esto, en\u00a0<b>Estados Unidos ha tenido un resultado sorprendente, pues las adopciones hicieron que los albergues se vaciaran<\/b>.<\/p>\n<p class=\"font_tertiary paragraph\">Sin embargo,\u00a0<b>ese no es el caso de M\u00e9xico, puesto que la situaci\u00f3n est\u00e1 en todo lo contrario, ya que adem\u00e1s de que las adopciones est\u00e1n pr\u00e1cticamente detenidas<\/b>, el abandono de animales ha subido debido a la creencia de que ellos pueden transmitir el COVID-19.<\/p>\n<p class=\"font_tertiary paragraph\">Aunque no hay un conteo oficial acerca de la cantidad de albergues que hay en el pa\u00eds, lo que s\u00ed se sabe es que los recursos de cada uno han disminuido y pronto los animales que ah\u00ed habitan se pueden quedar sin comida.<\/p>\n<p class=\"font_tertiary paragraph\">\u201cNo existen censos oficiales de cu\u00e1ntos albergues hay pero son muchos. Aqu\u00ed los animales dejaron de adoptarse y los rescates nunca terminan. Esos siguen habiendo todos los d\u00edas, porque incluso ha habido -afortunadamente no en gran escala-\u00a0<b>pero ha habido abandono de animales por este temor de que pudieran contagiar<\/b>. A pesar de que<b>\u00a0la Organizaci\u00f3n Panamericana de la Salud para los animales indica que los animales de compa\u00f1\u00eda no transmiten COVID<\/b>\u201d, explic\u00f3 a\u00a0<i><u><b>Infobae M\u00e9xico<\/b><\/u><\/i>, Sandra Segovia, fundadora de Todos Somos Animales (TSA).<\/p>\n<div class=\"ad-wrapper\"><\/div>\n<p><a class=\"link | color_inherit display_inline_block width_full margin_vertical_5px visual__video\"><picture class=\"font_tertiary visual__image\"><source srcset=\"https:\/\/www.infobae.com\/new-resizer\/76Qv28Wd5VSCuq3Z0lLxMoEk9a4=\/420x280\/filters:format(webp):quality(70)\/arc-anglerfish-arc2-prod-infobae.s3.amazonaws.com\/public\/LRDR77ENIBE7BOUMFW5MR5RM7Q.jpg 420w\" type=\"image\/webp\" \/><source srcset=\"https:\/\/www.infobae.com\/new-resizer\/IUEKGePTvtyE_BUtIoCp3X5wt88=\/768x512\/filters:format(webp):quality(70)\/arc-anglerfish-arc2-prod-infobae.s3.amazonaws.com\/public\/LRDR77ENIBE7BOUMFW5MR5RM7Q.jpg 768w\" type=\"image\/webp\" \/><source srcset=\"https:\/\/www.infobae.com\/new-resizer\/IUEKGePTvtyE_BUtIoCp3X5wt88=\/768x512\/filters:format(webp):quality(70)\/arc-anglerfish-arc2-prod-infobae.s3.amazonaws.com\/public\/LRDR77ENIBE7BOUMFW5MR5RM7Q.jpg 992w\" type=\"image\/webp\" \/><source srcset=\"https:\/\/www.infobae.com\/new-resizer\/IUEKGePTvtyE_BUtIoCp3X5wt88=\/768x512\/filters:format(webp):quality(70)\/arc-anglerfish-arc2-prod-infobae.s3.amazonaws.com\/public\/LRDR77ENIBE7BOUMFW5MR5RM7Q.jpg 1200w\" type=\"image\/webp\" \/><img loading=\"lazy\" src=\"https:\/\/www.infobae.com\/new-resizer\/B_D-8sUJn6PHf3E-8WyYcGwX6vs=\/420x280\/filters:format(jpg):quality(70)\/\/arc-anglerfish-arc2-prod-infobae.s3.amazonaws.com\/public\/LRDR77ENIBE7BOUMFW5MR5RM7Q.jpg\" alt=\"La hambruna en los refugios ser\u00e1 innevitable si no se hace nada al resptecto (Foto: REUTERS\/Luisa Gonz\u00e1lez)\" width=\"800\" height=\"533\" \/>La hambruna en los refugios ser\u00e1 innevitable si no se hace nada al resptecto (Foto: REUTERS\/Luisa Gonz\u00e1lez)<\/picture><\/a><\/p>\n<p class=\"font_tertiary paragraph\">Lo peor de esta situaci\u00f3n es que a\u00fan no se sabe para cu\u00e1ndo habr\u00e1 recursos para los animales, pues, la crisis econ\u00f3mica ha sido muy fuerte para las personas. Y, aunque en la Ciudad de M\u00e9xico, ellos son protegidos por la ley, el estado ni se ha pronunciado al respecto, ni ha enviado recursos para mejorar la situaci\u00f3n.<\/p>\n<p class=\"font_tertiary paragraph\">\u201cA\u00a0<b>este tema terrible de crisis econ\u00f3mica por la que estamos pasando todos los sectores y entonces las donaciones se han reducido dependiendo la agrupaci\u00f3n entre un 50% hasta un 90 por ciento<\/b>[&#8230;] Los\u00a0<b>animales<\/b>\u00a0ya gozan de protecci\u00f3n constitucional de acuerdo al art\u00edculo 13 BIS de la constituci\u00f3n de la Ciudad de M\u00e9xico, donde adem\u00e1s de considerarlos seres\u00a0<b>sintientes se dice que los animales son sujetos de protecci\u00f3n por el gobierno de la ciudad\u00a0<\/b>y por todos los que aqu\u00ed vivimos. El\u00a0<b>gobierno tampoco se ha pronunciado para ayudar a estos albergues<\/b>\u201d, agreg\u00f3 Segovia.<\/p>\n<p class=\"font_tertiary paragraph\">Aunado a esto, los animales que viven en cautiverio tambi\u00e9n est\u00e1n sufriendo ya que en los zool\u00f3gicos del pa\u00eds, los cuales dependen de ingresos para mantener a sus habitantes, no han tenido solvencia durante esta \u00e9poca, por lo que est\u00e1n sufriendo para alimentarlos.<\/p>\n<p class=\"font_tertiary paragraph\">\u201cLos zool\u00f3gicos del pa\u00eds est\u00e1n mendigando ayuda porque no tienen c\u00f3mo alimentar a los animales. Es un tragedia que el gobierno no est\u00e1 atendiendo, que la sociedad civil no puede ayudar ahora como lo hac\u00eda antes,[&#8230;] y que tampoco la iniciativa privada, cuyos clientes son los animales, tampoco se ha pronunciado para ayudar.\u00a0<b>No han hecho nada, entonces las grandes marcas tampoco est\u00e1n ayudando<\/b>[&#8230;] El problema de los albergues de animales de compa\u00f1\u00eda ya lo apunta muy bien\u00a0<i>Prensa animal<\/i>\u00a0en la investigaci\u00f3n que hizo: una crisis de hambruna en los albergues, tal cual\u201d, ahond\u00f3.<\/p>\n<p>Pero, \u00bfqu\u00e9 se puede hacer en estos casos? Por lo pronto, Segovia recomienda que quienes puedan hacer donaciones a los refugios m\u00e1s cercanos, lo hagan. Mientras que el llamado de atenci\u00f3n a las autoridades, es porque se comprometieron a hacer algo por los animales al hacer leyes para ellos, por lo que los tienen que tomar en cuenta.<\/p>\n<p class=\"font_tertiary paragraph\">\u201cA la\u00a0<b>iniciativa privada<\/b>: me parece que los animales de compa\u00f1\u00eda han sido clientes muy leales de todas las marcas y s\u00ed me parece que es momento que este tipo de industria se vuelque a brindar la ayuda en proporci\u00f3n que se necesita. Adem\u00e1s, me parecen que son ellos los que est\u00e1n en una mayor posibilidad de ayudar, la sociedad civil no tiene posibilidad porque no tiene recursos y el gobierno tiene que comprar respiradores.\u00a0<b>La sociedad civil y los albergues seguimos comprando alimentos para los animales, ellos reciben ingreso de alguna manera y me parece que a ellos les corresponde tomar acci\u00f3n para ayudar a sus clientes<\/b>\u201d, asever\u00f3.<\/p>\n<p class=\"font_tertiary paragraph\">Las historias de los albergues saturados en M\u00e9xico, no son nada nuevo, pero con una situaci\u00f3n tan distinta en comparaci\u00f3n al pasado hace que se<b>\u00a0replantee c\u00f3mo mejorar las vidas de los animales de compa\u00f1\u00eda<\/b>.<\/p>\n<p class=\"font_tertiary paragraph\">\u201cEn este pa\u00eds, todos los albergues siempre est\u00e1n saturados porque la tasa de rescate siempre es mayor que a la tasa de adopci\u00f3n. Entran m\u00e1s animales de los que salen, entonces los albergues no importa de qu\u00e9 tama\u00f1o sean siempre est\u00e1n en la l\u00ednea de la saturaci\u00f3n.\u00a0<b>Hab\u00eda albergues ya la estaban pasando mal antes de la cuarentena y la verdad es que por las condiciones econ\u00f3micas de este pa\u00eds y la situaci\u00f3n de necesidad que se tiene materia de animales, dif\u00edcilmente se tiene alg\u00fan tipo de reserva<\/b>, los albergues normalmente van al d\u00eda, no hab\u00eda mucha manera de prever esto y la crisis s\u00ed se va a poner fea\u201d, describi\u00f3 la presentadora del Podcast TSA.<\/p>\n<p><a class=\"link | color_inherit display_inline_block width_full margin_vertical_5px visual__video\"><picture class=\"font_tertiary visual__image\"><source srcset=\"https:\/\/www.infobae.com\/new-resizer\/WEOtFSSVKtk51XUPXCQ1MlwD7GE=\/420x280\/filters:format(webp):quality(70)\/arc-anglerfish-arc2-prod-infobae.s3.amazonaws.com\/public\/HJWEJVNDTVE4FH772HO7YM25AA.jpg 420w\" type=\"image\/webp\" \/><source srcset=\"https:\/\/www.infobae.com\/new-resizer\/IC_dbDb-Etb5SJMhVmF2_bgeNIU=\/768x512\/filters:format(webp):quality(70)\/arc-anglerfish-arc2-prod-infobae.s3.amazonaws.com\/public\/HJWEJVNDTVE4FH772HO7YM25AA.jpg 768w\" type=\"image\/webp\" \/><source srcset=\"https:\/\/www.infobae.com\/new-resizer\/IC_dbDb-Etb5SJMhVmF2_bgeNIU=\/768x512\/filters:format(webp):quality(70)\/arc-anglerfish-arc2-prod-infobae.s3.amazonaws.com\/public\/HJWEJVNDTVE4FH772HO7YM25AA.jpg 992w\" type=\"image\/webp\" \/><source srcset=\"https:\/\/www.infobae.com\/new-resizer\/IC_dbDb-Etb5SJMhVmF2_bgeNIU=\/768x512\/filters:format(webp):quality(70)\/arc-anglerfish-arc2-prod-infobae.s3.amazonaws.com\/public\/HJWEJVNDTVE4FH772HO7YM25AA.jpg 1200w\" type=\"image\/webp\" \/><img loading=\"lazy\" src=\"https:\/\/www.infobae.com\/new-resizer\/khgkuVgBkYxT66pRfOkDjpZVv78=\/420x280\/filters:format(jpg):quality(70)\/\/arc-anglerfish-arc2-prod-infobae.s3.amazonaws.com\/public\/HJWEJVNDTVE4FH772HO7YM25AA.jpg\" alt=\"Se tendr\u00e1n que aplicar medidas m\u00e1s estrictas para prevenir que una situaci\u00f3n as\u00ed vuelva a suceder (Foto: Archivo)\" width=\"1200\" height=\"801\" \/>Se tendr\u00e1n que aplicar medidas m\u00e1s estrictas para prevenir que una situaci\u00f3n as\u00ed vuelva a suceder (Foto: Archivo)<\/picture><\/a><\/p>\n<p class=\"font_tertiary paragraph\">Cuando la crisis est\u00e9 superada, lo importante ser\u00e1 enfocarse en c\u00f3mo evitar una situaci\u00f3n parecida, porque el trabajo espor\u00e1dico del gobierno, no es en serio. El no lucrar con animales, as\u00ed como esterilizarlos tendr\u00e1n requisitos de ahora en adelante. Adem\u00e1s de educar a la poblaci\u00f3n para adoptar y no abandonar a los animales.<\/p>\n<p class=\"font_tertiary paragraph\">\u201c<b>La autoridad y la sociedad civil tienen que hacer trabajo serio en conjunto<\/b>. No se hace mucho \u00e9nfasis en el tema de las adopciones ni ponemos un control a la venta de animales y no castigamos el abandono, es por eso que la ecuaci\u00f3n nunca sale[&#8230;]\u00a0<b>La brigada de adopci\u00f3n animal est\u00e1 saturada de animales<\/b>,[&#8230;] entonces necesitamos empezar a apoyar la adopci\u00f3n, ser severos con el control de la producci\u00f3n de animales, y castigar en serio el abandono.\u00a0<b>Un trabajo serio de la autoridad en tema de adopciones, de no impunidad. Mientras no se haga un trabajo en serio, la problem\u00e1tica seguir\u00e1 siendo la misma<\/b>: albergues saturados, campa\u00f1as insuficientes y adopciones que no dan\u201d, especific\u00f3.<\/p>\n<p class=\"font_tertiary paragraph\">Por lo pronto, para el p\u00fablico que quiere ayudar este es el momento indicado para adoptar, siempre y cuando sea una idea que se haya meditado con detenimiento. Pero, si esa no es una opci\u00f3n, entonces ayudar al refugio m\u00e1s cercano siempre es una buena idea.<\/p>\n<p class=\"font_tertiary paragraph\">\u201c<b>Si siempre has estado muerto de ganas de adoptar, t\u00fa y tu familia est\u00e1n convencidos y tienen el compromiso y las ganas este es un gran momento para adoptar porque lo que va suceder es que vas a tener todo el tiempo del mundo para el proceso de adaptaci\u00f3n<\/b>\u00a0y va a ser mucho m\u00e1s sencillo que en condiciones naturales. No hablo de \u2018me siento muy solito, voy a adoptar un perrito\u2019 sino de que tienen varios meses pensando en la adopci\u00f3n.[&#8230;] Brigada Animal tiene un programa ahorita que se llama El animal que quieras adoptar a tu domicilio. Entonces, ahora es un gran momento para adoptar\u201d, finaliz\u00f3 Segovia.<\/p>\n<\/article>\n<p><a href=\"https:\/\/www.infobae.com\/america\/mexico\/2020\/05\/06\/los-albergues-para-animales-de-la-cdmx-estan-en-emergencia-no-hay-donaciones-y-falta-alimento\/\">https:\/\/www.infobae.com\/america\/mexico\/2020\/05\/06\/los-albergues-para-animales-de-la-cdmx-estan-en-emergencia-no-hay-donaciones-y-falta-alimento\/<\/a><\/p>\n<h1><strong>\u00a1SENADO PROHIBE EL USO DE ANIMALES EN LA ELABORACI\u00d3N DE COSM\u00c9TICOS!<\/strong><\/h1>\n<h2 class=\"post-subtitle\">YA EL SENADOR MONREAL NOS HAB\u00cdA CONTADO DE ESTA INICIATIVA EN ABRIL 2019.<\/h2>\n<div class=\"\" data-block=\"true\" data-editor=\"fglak\" data-offset-key=\"blnvn-0-0\">\n<pre class=\"_1mf _1mj\" data-offset-key=\"blnvn-0-0\"><span data-offset-key=\"blnvn-0-0\">Marzo 19, 2020<\/span><\/pre>\n<div class=\"_1mf _1mj\" data-offset-key=\"blnvn-0-0\"><span data-offset-key=\"blnvn-0-0\">Con una dicha infinita compartimos con ustedes el Dictamen de las Comisiones Unidas de Salud y Estudios Legislativos, con modificaciones de la Iniciativa con Proyecto de Decreto por el que se reforman y adicionan diversas disposiciones de la Ley General de Salud y la Ley Federal de Sanidad Animal, en materia de bienestar animal, en el que se establece la prohibici\u00f3n del uso de animales en pruebas para productos cosm\u00e9ticos y que fuera aprobada por UNANIMIDAD con 72 votos a favor.<\/span><\/div>\n<div class=\"_1mf _1mj\" data-offset-key=\"blnvn-0-0\"><\/div>\n<div class=\"_1mf _1mj\" data-offset-key=\"blnvn-0-0\">El dictamen que reforma y adiciona diversas disposiciones de la Ley General de Salud y de la Ley Federal de Sanidad Animal, para establecer la prohibici\u00f3n del uso de animales en pruebas para productos cosm\u00e9ticos, se remiti\u00f3 a la C\u00e1mara de Diputados.<\/div>\n<div class=\"_1mf _1mj\" data-offset-key=\"blnvn-0-0\"><\/div>\n<\/div>\n<div class=\"\" data-block=\"true\" data-editor=\"fglak\" data-offset-key=\"7q1m4-0-0\">\n<div class=\"_1mf _1mj\" data-offset-key=\"7q1m4-0-0\"><span data-offset-key=\"7q1m4-0-0\">Ahora a trabajar para que se implemente adecuadamente.<\/span><\/div>\n<div class=\"_1mf _1mj\" data-offset-key=\"7q1m4-0-0\"><\/div>\n<div class=\"_1mf _1mj\" data-offset-key=\"7q1m4-0-0\">Senado: #T\u00faMuyBien<\/div>\n<\/div>\n<div class=\"_1mf _1mj\" data-offset-key=\"7q1m4-0-0\"><\/div>\n<div class=\"_1mf _1mj\" data-offset-key=\"7q1m4-0-0\">Para leer el dictamen haz click\u00a0en este link\u00a0<a href=\"https:\/\/todossomosanimales.org\/web\/wp-content\/uploads\/2015\/09\/5.2.-DI-BIENESTAR-ANIMAL-V5.docx.pdf\">5.2. DI BIENESTAR ANIMAL V5.docx<\/a><\/div>\n<div class=\"_1mf _1mj\" data-offset-key=\"7q1m4-0-0\"><a href=\"https:\/\/www.elfinanciero.com.mx\/nacional\/senado-prohibe-uso-de-animales-vivos-en-la-produccion-de-cosmeticos?fbclid=IwAR1xQpI6QPwpYy8UdP6fm21PoYJF7TNj2Rth-U0vqQrAFGyO4QzZqfHe_48\">https:\/\/www.elfinanciero.com.mx\/nacional\/senado-prohibe-uso-de-animales-vivos-en-la-produccion-de-cosmeticos?fbclid=IwAR1xQpI6QPwpYy8UdP6fm21PoYJF7TNj2Rth-U0vqQrAFGyO4QzZqfHe_48<\/a><\/div>\n<div class=\"_1mf _1mj\" data-offset-key=\"7q1m4-0-0\">\n<blockquote class=\"twitter-tweet\" data-width=\"500\" data-dnt=\"true\">\n<p lang=\"es\" dir=\"ltr\">\u2705 Por unanimidad, con 72 votos a favor, se aprueba reformar la Ley General de Salud y la Ley Federal de Sanidad Animal para prohibir el uso de animales en la elaboraci\u00f3n de cosm\u00e9ticos.<\/p>\n<p>&mdash; Senado de M\u00e9xico (@senadomexicano) <a href=\"https:\/\/twitter.com\/senadomexicano\/status\/1240816868925091840?ref_src=twsrc%5Etfw\">March 20, 2020<\/a><\/p><\/blockquote>\n<p><script async src=\"https:\/\/platform.twitter.com\/widgets.js\" charset=\"utf-8\"><\/script><\/p>\n<\/div>\n<h1 class=\"_1mf _1mj\" data-offset-key=\"7q1m4-0-0\"><strong>Joaqu\u00edn Phoenix hace historia en la entrega de los premios \u00f3scar<\/strong><\/h1>\n<h2 class=\"post-subtitle\">no solo por ganar el galard\u00f3n al mejor actor por la pel\u00edcula joker sino por su conmovedor discurso a favor de los derechos de los animales no-humanos.<\/h2>\n<p class=\"ql-align-justify\">Por primera vez en la historia de estos premios se pronunci\u00f3 un discurso antiespecista. Adicionalmente, consigui\u00f3 que el 70% del men\u00fa de esa noche fuera vegano.<\/p>\n<p class=\"ql-align-justify\">\u00a1Gracias Joaqu\u00edn!<\/p>\n<p class=\"ql-align-justify\">Si no tuviste oportunidad de escucharlo ch\u00e9calo completito aqu\u00ed.<\/p>\n<div class=\"ast-oembed-container\"><iframe loading=\"lazy\" title=\"El impactante discurso de Joaquin Phoenix en los Oscar\" width=\"500\" height=\"281\" src=\"https:\/\/www.youtube.com\/embed\/Y1vYNppIH0Q?feature=oembed\" frameborder=\"0\" allow=\"accelerometer; autoplay; clipboard-write; encrypted-media; gyroscope; picture-in-picture\" allowfullscreen><\/iframe><\/div>\n<h1><strong>iniciaron las mesas de trabajo para revisar la ley varela<\/strong><\/h1>\n<h2 class=\"post-subtitle\">FUNCIONARIOS, ACTIVISTAS, MVZ, COMERCIANTES E INTERESADOS EN EL TEMA SE REUNIERON PARA MEJORAR ESTA INICIATIVA DE LEY.<\/h2>\n<p class=\"ql-align-justify\">El pasado 17 de enero del 2020 se llev\u00f3 a cabo la segunda mesa de trabajo para revisar la iniciativa de Ley de protecci\u00f3n a los animales y a la que com\u00fanmente se le ha denominado Ley Varela. Ac\u00e1 el video de la segunda mesa. En febrero se reanudar\u00e1n y estaremos al pendiente.<\/p>\n<p class=\"ql-align-justify\">Ojal\u00e1 que el resultado se concentre en el beneficio a los animales no humanos, mientras tanto debemos celebrar este ejercicio democr\u00e1tico de participaci\u00f3n ciudadana.<\/p>\n<p class=\"ql-align-justify\">Seguiremos al pendiente.<\/p>\n<p class=\"ql-align-justify\"><a href=\"https:\/\/todossomosanimales.org\/web\/wp-content\/uploads\/2015\/09\/IMG_7409.jpg\"><img loading=\"lazy\" class=\"aligncenter wp-image-543\" src=\"https:\/\/todossomosanimales.org\/web\/wp-content\/uploads\/2015\/09\/IMG_7409-300x200.jpg\" alt=\"\" width=\"509\" height=\"344\" \/><\/a><\/p>\n<p><a href=\"https:\/\/www.facebook.com\/TodosSomosAnimalesMx\/videos\/2684638968315250\/\">https:\/\/www.facebook.com\/TodosSomosAnimalesMx\/videos\/2684638968315250\/<\/a><\/p>\n<h1><\/h1>\n<h1><strong>Otra vez&#8230; Peregrinos abandonan a cientos de perros en la Bas\u00edlica<\/strong><\/h1>\n<h2 class=\"post-subtitle\">Cada a\u00f1o, los fieles olvidan a los m\u00e1s fieles: los perros, quienes terminan abandonados a su suerte en las inmediaciones de la Bas\u00edlica.<\/h2>\n<p class=\"ql-align-justify\">Cada a\u00f1o, millones de mexicanos y extranjeros visitan la Bas\u00edlica de Guadalupe para cumplir su promesa a la Virgen de Guadalupe en su d\u00eda en la alcald\u00eda Gustavo A. Madero, sin embargo, cada a\u00f1o aumenta el n\u00famero de visitantes y las fallas de algunos de los fieles son bastante notorias.<\/p>\n<p><strong>Peregrinos dejan 497 toneladas de basura a su paso<\/strong><\/p>\n<p class=\"ql-align-justify\">La Secretar\u00eda de Seguridad P\u00fablica capitalina inform\u00f3 que durante el festejo guadalupano, hasta ahora ocho personas han sido remitidas por diversas faltas administrativas y se han recolectado 497 toneladas de basura.<\/p>\n<div class=\"ccn-banner\">\n<div id=\"cc_load_0\" class=\"cc-colbannerDisplay\" data-google-query-id=\"CMDlwqjDm98CFUSNaQodaN4Lxg\">\n<div class=\"AdText-CC\">En su cuenta de Twitter @SSP_CDMX difundi\u00f3: \u201cAl momento, se registran 8 personas remitidas por diversas faltas administrativas, la recolecci\u00f3n de 497 toneladas de basura; as\u00ed como se han proporcionado 60 mil litros de agua durante el operativo de vialidad y seguridad\u201d.<\/div>\n<\/div>\n<\/div>\n<p class=\"ql-align-justify\">Indic\u00f3 que la polic\u00eda ha salvaguardado a 10 millones 603 mil feligreses que han arribado a la Bas\u00edlica de Guadalupe y que como parte del dispositivo Bienvenido Peregrino 2018 se han brindado dos mil 240 atenciones m\u00e9dicas y cuatro traslados.<\/p>\n<p class=\"ql-align-center\"><picture><img loading=\"lazy\" src=\"https:\/\/img.culturacolectiva.com\/content\/2018\/12\/12\/1544653706031\/perros-abandnados-basilica-guadalupe-medium.jpg\" alt=\"perros abandonados 1\" width=\"595\" height=\"335\" \/><\/picture><\/p>\n<div class=\"seedtag-gohan seedtag-adunit st-in-image\"><\/div>\n<p class=\"ql-align-center\"><em>Organizaciones y activistas estiman que cada a\u00f1o entre 150 y 200 perros son abandonados en las inmediaciones de la Bas\u00edlica. (Foto: Twitter \/ Efr\u00e9n Arg\u00fcelles)<\/em><\/p>\n<p class=\"ql-align-justify\"><strong>M\u00e1s de 200 perros abandonados a su suerte<\/strong><\/p>\n<p class=\"ql-align-justify\">Pero, de los m\u00e1s de 10 millones de visitantes, estos arrastran un problema que cada a\u00f1o es m\u00e1s notorio; el abandono de perros en las inmediaciones de la Bas\u00edlica.<\/p>\n<div class=\"ccn-banner\"><\/div>\n<p class=\"ql-align-justify\">Estas acciones han sido documentados todos los a\u00f1os por organizaciones protectoras de animales, por ejemplo, M\u00f3nica Pineda, presidenta de la organizaci\u00f3n Gente por la Defensa Animal, estima que entre 150 y 200 canes son abandonados por los fieles en la zona.<\/p>\n<p class=\"ql-align-justify\">Leticia Varela, diputada de Morena, exhort\u00f3 a las autoridades a crear un proyecto para concientizar a los peregrinos ante estos casos. \u201cEstos animales de compa\u00f1\u00eda, al estar lejos del lugar donde salieron, dif\u00edcilmente encontrar\u00e1n el camino de vuelta y terminar\u00e1n muriendo de hambre, sed o ser\u00e1n atropellados en algunas avenida cercana\u201d, dijo Varela, citada por <a href=\"https:\/\/www.eluniversal.com.mx\/metropoli\/cdmx\/urge-diputada-rescatar-animales-abandonados-por-peregrinaciones-la-villa\" target=\"_blank\" rel=\"noopener noreferrer\"><em>El Universal<\/em><\/a>.<\/p>\n<p class=\"ql-align-center\"><picture><img loading=\"lazy\" src=\"https:\/\/img.culturacolectiva.com\/content\/2018\/12\/12\/1544654065294\/leticia-varela-diputada-morena-medium.jpg\" alt=\"perros abandonados 2\" width=\"595\" height=\"397\" \/><\/picture><\/p>\n<p class=\"ql-align-center\"><em>La Dip. Leticia Varela solicit\u00f3 a las autoridades de la GAM a dise\u00f1ar un plan para evitar el abandono de mascotas en la fiesta de la Guadalupana. (Foto: Twitter \/ Grupo Parlamentario de Morena)<\/em><\/p>\n<p class=\"ql-align-justify\"><strong>Clero y gobierno sin inter\u00e9s de apoyar a animales: Segovia<\/strong><\/p>\n<p class=\"ql-align-justify\">Sandra Segovia, fundadora de la organizaci\u00f3n <a href=\"https:\/\/todossomosanimales.org\/web\/\" target=\"_blank\" rel=\"noopener noreferrer\">Todos Somos Animales<\/a>, lament\u00f3 en entrevista para <em>Cultura Colectiva News<\/em> que las autoridades locales y eclesi\u00e1sticas no tienen inter\u00e9s en evitar este problema.<\/p>\n<blockquote class=\"ql-align-justify ccn-quote\"><p><i class=\"fa fa-quote-left\"><\/i><strong>Sabemos que lamentablemente los animales que no son rescatados, terminar\u00e1n en un centro de control canino y morir\u00e1n. <\/strong><i class=\"fa fa-quote-right\"><\/i><\/p><\/blockquote>\n<p class=\"ql-align-justify\">Agreg\u00f3 que los activistas creen prudente recordar que el 12 de diciembre la \u00fanica opci\u00f3n es acudir a la zona a rescatar a los animales para evitar mueran en condiciones lamentables, \u201cs\u00e9 que no suena alentador ni pr\u00e1ctico, pero no hay mucho que se pueda hacer, porque hasta que no haya una disposici\u00f3n oficial o modificaci\u00f3n a las leyes secundarias, sabemos que los animales van a morir\u201d.<\/p>\n<div class=\"ql-iframe-embed ql-align-center\" data-id=\"iframe-embed-1544656167599\" data-html=\"&lt;blockquote class=&quot;twitter-tweet&quot; data-lang=&quot;es&quot;&gt;&lt;p lang=&quot;es&quot; dir=&quot;ltr&quot;&gt;M\u00e1s all\u00e1 de preferencias personales este es un documento hist\u00f3rico. Hecho in\u00e9dito que un &lt;a href=&quot;https:\/\/twitter.com\/hashtag\/candidato?src=hash&amp;amp;ref_src=twsrc%5Etfw&quot;&gt;#candidato&lt;\/a&gt; &lt;a href=&quot;https:\/\/twitter.com\/hashtag\/presidencial?src=hash&amp;amp;ref_src=twsrc%5Etfw&quot;&gt;#presidencial&lt;\/a&gt; se pronuncie a favor de los &lt;a href=&quot;https:\/\/twitter.com\/hashtag\/animales?src=hash&amp;amp;ref_src=twsrc%5Etfw&quot;&gt;#animales&lt;\/a&gt;. Si bien el compromiso es b\u00e1sico al menos permite poner el tema en la &lt;a href=&quot;https:\/\/twitter.com\/hashtag\/agendapol%C3%ADticanacional?src=hash&amp;amp;ref_src=twsrc%5Etfw&quot;&gt;#agendapol\u00edticanacional&lt;\/a&gt; y eso, cr\u00e9anme es un ENORME avance &lt;a href=&quot;https:\/\/t.co\/SPdd78tXoG&quot;&gt;pic.twitter.com\/SPdd78tXoG&lt;\/a&gt;&lt;\/p&gt;&amp;mdash; Sandra Segovia (@segoviasan) &lt;a href=&quot;https:\/\/twitter.com\/segoviasan\/status\/993182392083931136?ref_src=twsrc%5Etfw&quot;&gt;6 de mayo de 2018&lt;\/a&gt;&lt;\/blockquote&gt; &lt;img src=&quot;data:image\/gif;base64,R0lGODlhAQABAIAAAAAAAP\/\/\/yH5BAEAAAAALAAAAAABAAEAAAIBRAA7&quot; data-wp-preserve=&quot;%3Cscript%20async%20src%3D%22https%3A%2F%2Fplatform.twitter.com%2Fwidgets.js%22%20charset%3D%22utf-8%22%3E%3C%2Fscript%3E&quot; data-mce-resize=&quot;false&quot; data-mce-placeholder=&quot;1&quot; class=&quot;mce-object&quot; width=&quot;20&quot; height=&quot;20&quot; alt=&quot;&lt;script&gt;&quot; title=&quot;&lt;script&gt;&quot; \/&gt;\"><\/div>\n<p class=\"ql-align-justify\">Segovia invita a la Jefa de Gobierno de la Ciudad de M\u00e9xico, Claudia Sheinbaum, a recordar que firm\u00f3 un compromiso por escrito un decreto para la protecci\u00f3n de los animales, \u201ceste ser\u00eda un buen momento para actuar, que no se nos olvide que estos compromisos se deben de cumplir\u201d, dijo.<\/p>\n<p class=\"ql-align-justify\">https:\/\/news.culturacolectiva.com\/mexico\/peregrinos-abandonan-a-centenares-de-perros-en-la-basilica\/<\/p>\n<p><strong>&#8211; &#8211; &#8211; &#8211; &#8211; &#8211; &#8211; &#8211; &#8211; &#8211; &#8211; &#8211; &#8211; &#8211; &#8211; &#8211; &#8211; &#8211; &#8211; &#8211; &#8211; &#8211; &#8211; &#8211; &#8211; &#8211;\u00a0&#8211; &#8211; &#8211; &#8211; &#8211; &#8211; &#8211; &#8211; &#8211; &#8211; &#8211; &#8211; &#8211;\u00a0&#8211; &#8211; &#8211; &#8211; &#8211; &#8211; &#8211; &#8211; &#8211; &#8211; &#8211; &#8211; &#8211;\u00a0&#8211; \u00a0<\/strong><\/p>\n<p><strong>Para su difusi\u00f3n inmediata:\u00a0<\/strong>jueves 19 de octubre de 2017<\/p>\n<p><strong>Contacto:\u00a0<\/strong><strong>Yolanda Alaniz y\u00a0 Leonora Esquivel<\/strong><\/p>\n<p>Correo electr\u00f3nico:\u00a0<a href=\"mailto:alanizy@yahoo.com\">alanizy@yahoo.com<\/a>\u00a0<a href=\"mailto:leonora@leonoraesquivel.com\">leonora@leonoraesquivel.com<\/a><\/p>\n<p>Celular: 55 26539514<\/p>\n<h1><strong>ANIMANATURALIS Y COMARINO EXHORTAN AL JEFE DE GOBIERNO A PROMULGAR LA REFORMA LEGAL QUE PROH\u00cdBE LOS DELFINARIOS EN LA CDMX<\/strong><\/h1>\n<p><strong><a href=\"https:\/\/todossomosanimales.org\/web\/wp-content\/uploads\/2017\/10\/delfines-cdmx-mancera.jpg\"><img loading=\"lazy\" class=\"size-medium wp-image-288 alignleft\" src=\"https:\/\/todossomosanimales.org\/web\/wp-content\/uploads\/2017\/10\/delfines-cdmx-mancera-300x300.jpg\" alt=\"\" width=\"300\" height=\"300\" srcset=\"https:\/\/todossomosanimales.org\/web\/wp-content\/uploads\/2017\/10\/delfines-cdmx-mancera-300x300.jpg 300w, https:\/\/todossomosanimales.org\/web\/wp-content\/uploads\/2017\/10\/delfines-cdmx-mancera-150x150.jpg 150w, https:\/\/todossomosanimales.org\/web\/wp-content\/uploads\/2017\/10\/delfines-cdmx-mancera-768x768.jpg 768w, https:\/\/todossomosanimales.org\/web\/wp-content\/uploads\/2017\/10\/delfines-cdmx-mancera-80x80.jpg 80w, https:\/\/todossomosanimales.org\/web\/wp-content\/uploads\/2017\/10\/delfines-cdmx-mancera.jpg 800w\" sizes=\"(max-width: 300px) 100vw, 300px\" \/><\/a>AnimaNaturalis, organizaci\u00f3n internacional en defensa de los derechos de los animales y COMARINO Conservaci\u00f3n de Mam\u00edferos Marinos de M\u00e9xico A.C. solicitan al Jefe del Gobierno Capitalino Miguel \u00c1ngel Mancera<\/strong>\u00a0<strong>que promulgue la reforma legal que proh\u00edbe los delfinarios en la CDMX<\/strong><\/p>\n<p>El Partido Verde present\u00f3 ante la Asamblea Legislativa del Distrito Federal (ALDF), una reforma a la Ley de Establecimientos Mercantiles encaminada a la prohibici\u00f3n de delfinarios en la Ciudad de M\u00e9xico.<\/p>\n<p>Los puntos fundamentales que hacen esta Ley, seg\u00fan el PVEM, son los siguientes:<\/p>\n<ul>\n<li>Se prohibir\u00e1 la utilizaci\u00f3n de delfines para celebrar espect\u00e1culos p\u00fablicos o privados, incluyendo los espect\u00e1culos a domicilio o itinerantes.<\/li>\n<li>Se impondr\u00e1n multas que ir\u00edan de mil 500 hasta cuatro mil unidades de medida lo que sumar\u00eda desde 113 mil hasta los 300 mil 960 pesos, a quienes insistan en seguir utilizando a los delfines de cualquier forma.<\/li>\n<\/ul>\n<p>Esta reforma, que pretende prohibir la utilizaci\u00f3n de mam\u00edferos marinos de cualquier especie, no s\u00f3lo en su utilizaci\u00f3n para espect\u00e1culos p\u00fablicos o privados sino tambi\u00e9n en actividades tales como la exhibici\u00f3n, manejo, adiestramiento, entretenimiento, terapia e incluso la investigaci\u00f3n cient\u00edfica\u00a0<strong>se aprob\u00f3 el 1 de agosto de 2017 por unanimidad en la ALDF.<\/strong><\/p>\n<p>La fecha l\u00edmite para que el Jefe de Gobierno Dr. Miguel \u00c1ngel Mancera emita observaciones al proyecto de reforma en cita o bien proceda a su promulgaci\u00f3n, a trav\u00e9s de la correspondiente publicaci\u00f3n en la Gaceta Oficial de la CDMX\u00a0<strong>vence el pr\u00f3ximo 20 de octubre<\/strong>\u00a0de conformidad con lo previsto en el art\u00edculo 48 del Estatuto de Gobierno del Distrito Federal, por lo que desde la sociedad civil\u00a0<strong>exhortamos al Dr. Mancera para que prohiba los delfinarios en nuestra ciudad como muestra de una gran avance en materia de educaci\u00f3n y legislaci\u00f3n respecto a los derechos de los animales.<\/strong>\u00a0Esta decisi\u00f3n podr\u00eda colocar al Jefe de Gobierno como un funcionario que tom\u00f3 decisiones de vanguardia respecto a la protecci\u00f3n de los animales, rechazando los espect\u00e1culos que les causan sufrimiento por la privaci\u00f3n de su libertad.<\/p>\n<p>Un caso en particular que resaltan tanto el partido como AnimaNaturalis es el delfinario que opera en el parque de diversiones Six Flags, el cual no cuenta con los permisos necesarios para su existencia. Asimismo, la prohibici\u00f3n aplicar\u00eda para todos los delfinarios en la Ciudad de M\u00e9xico.<\/p>\n<p>Con base en el ART\u00cdCULO SEGUNDO TRANSITORIO DEL DICT\u00c1MEN, los establecimientos dedicados a la celebraci\u00f3n de espect\u00e1culos con cualquier especie de mam\u00edferos marinos, contar\u00e1n con un plazo m\u00ednimo de 3 meses hasta seis meses despu\u00e9s de la entrada en vigor del presente Decreto para evaluar a los ejemplares y resguardarlos con base a la normatividad vigente que para tales efectos determine la Secretar\u00eda del Medio Ambiente y Recursos Naturales, o bien trasladarlos a santuarios que tengan manejo de mam\u00edferos marinos, previo estudio de la reubicaci\u00f3n de ejemplares, en cuyo caso se deber\u00e1 evaluar el h\u00e1bitat de destino y las condiciones de los ejemplares, en los t\u00e9rminos se\u00f1alados en la normatividad federal vigente.<\/p>\n<p>En el caso espec\u00edfico del parque Six Flags, toda vez que son aproximadamente 3 mam\u00edferos marinos, un delf\u00edn (Tursiops truncatus) y dos lobos marinos (Otaris byronia y Zalophus californianus) y al tener permiso por SEMARNAT estos cet\u00e1ceos pueden tener ser trasladados por Dolphin Discovery a cualquiera de sus supuestos h\u00e1bitats (artificiales, piscinas que tienen). Dicho traslado con base a la normatividad aplicable de la NOM-135-SEMARNAT-204 y NOM-EM-136-ECOL-2002, que indica que los contenedores o cajas de transporte para mam\u00edferos acu\u00e1ticos deber\u00e1n estar acompa\u00f1ados del aviso de traslado enviado a SEMARNAT.<\/p>\n<p>De no tener espacio Dolphin Discovery para mantenerlos, SEMARNAT podr\u00e1 intervenir para que sean trasladados a santuarios que manejen este tipo de cet\u00e1ceos, como lo hizo la PROFEPA en 2014 en el entonces delfinario Atlantis, al decomisar 5 lobos marinos y 3 delfines, con base en el Programa Nacional de Inspecci\u00f3n a Delfinarios.<\/p>\n<p>En M\u00e9xico a\u00fan existen unos 27 centros de espect\u00e1culos marinos que mantienen en cautiverio a casi 350 delfines.<\/p>\n<p>Otro dato importante es que National Aquarium en Baltimore, Estados Unidos, terminar\u00e1 la construcci\u00f3n de un santuario para los 8 delfines que tiene, a finales del 2020. La tendencia mundial es eliminar los espect\u00e1culos que utilizan mam\u00edferos marinos y organizaciones internacionales trabajan para la creaci\u00f3n de santuarios.<\/p>\n<p>La comunidad internacional defensora de los animales espera la pronunciaci\u00f3n del Jefe de Gobierno que al poner fin definitivo a los delfinarios y todo espect\u00e1culo con mam\u00edferos marinos por ser una actividad que afecta el bienestar de los animales por el confinamiento en que ellos se encuentran, colocar\u00eda a M\u00e9xico como una ciudad de vanguardia.<\/p>\n<p><strong><em>AnimaNaturalis Internacional<\/em><\/strong>\u00a0<em>es una organizaci\u00f3n internacional para establecer, difundir y proteger los derechos de todos los animales en pa\u00edses de habla hispana.<\/em><\/p>\n<p>Para m\u00e1s informaci\u00f3n, por favor visite:\u00a0<a href=\"http:\/\/www.animanaturalis.org\/mx\"><strong>www.AnimaNaturalis.org\/mx<\/strong><\/a><strong><u>\u00a0y http:\/\/www.comarino.org\/<\/u><\/strong><\/p>\n<p>&#8211; &#8211; &#8211; &#8211; &#8211; &#8211; &#8211; &#8211; &#8211; &#8211; &#8211; &#8211; &#8211; &#8211; &#8211; &#8211; &#8211; &#8211; &#8211; &#8211; &#8211; &#8211; &#8211; &#8211; &#8211; &#8211;\u00a0&#8211; &#8211; &#8211; &#8211; &#8211; &#8211; &#8211; &#8211; &#8211; &#8211; &#8211; &#8211; &#8211;\u00a0&#8211; &#8211; &#8211; &#8211; &#8211; &#8211; &#8211; &#8211; &#8211; &#8211; &#8211; &#8211; &#8211;\u00a0&#8211; &#8211; &#8211; &#8211; &#8211; &#8211; &#8211; &#8211; &#8211; &#8211; &#8211;<\/p>\n<h1>Comunicado de prensa<\/h1>\n<h1>La Agencia de Atenci\u00f3n Animal y la revelaci\u00f3n <em>\u201cen lo oscurito\u201d<\/em> de su nueva directora<\/h1>\n<h3>Llama la atenci\u00f3n lo herm\u00e9tico que result\u00f3 el proceso de selecci\u00f3n sin que hasta la fecha se hayan dado a conocer los criterios de selecci\u00f3n ni los motivos de elecci\u00f3n de la MVZ Sandra Hern\u00e1ndez.<\/h3>\n<p>Ciudad de M\u00e9xico, 16 de octubre de 2017: El d\u00eda de hoy fuimos sorprendidos con un post de la cuenta personal de Facebook de Manuel Granados, Consejero Jur\u00eddico del Gobierno de la CDMX, en el que presenta a la MVZ Sandra Elizabeth Hern\u00e1ndez M\u00e9ndez como la nueva directora de la Agencia de Protecci\u00f3n Animal.<\/p>\n<p><a href=\"https:\/\/www.facebook.com\/ManuelGranadosC\/posts\/1146136295521038\">https:\/\/www.facebook.com\/ManuelGranadosC\/posts\/1146136295521038<\/a><\/p>\n<p>Hace alrededor de dos a\u00f1os que fuimos invitados, junto con un importante grupo de animalistas, para participar en las mesas de trabajo semanales de que dar\u00edan forma a la recientemente aprobada Agencia de Atenci\u00f3n Animal hacia la que muchos se mostraron esc\u00e9pticos, incluso abandonando las reuniones de trabajo, y en la que nosotros depositamos nuestra confianza.<\/p>\n<p>Sin duda, la Agencia de Atenci\u00f3n Animal es un logro que hemos celebrado p\u00fablicamente no solo por el hecho de su creaci\u00f3n sino por haber conseguido que finalmente sociedad civil y gobierno trabajaran juntos a favor de los animales no-humanos.<\/p>\n<p>Y si bien fuimos invitados a colaborar en todo momento es importante dar a conocer que nunca fuimos convocados para formar parte del proceso de elecci\u00f3n del director de la agencia y que la autoridad siempre se mantuvo herm\u00e9tica en ese sentido. Creemos que luego de dos a\u00f1os de trabajo activo tambi\u00e9n debimos formar parte de dicho proceso con derecho a voz y a voto. Y es inevitable no generar suspicacias ante semejante omisi\u00f3n, sobre todo al recordar que en junio pasado la autoridad propuso al Mtro. en Reproducci\u00f3n Animal Carlos Esquivel Lacroix como candidato a la direcci\u00f3n de la Agencia, cuya especialidad lo coloca en un claro conflicto de intereses, adem\u00e1s de su pol\u00e9mico aval a nombre de la UNAM de la conocida tienda +Kota<a href=\"#_ftn1\" name=\"_ftnref1\">[1]<\/a> en t\u00e9rminos de bienestar animal y de quien ya sabemos fue tal el descontento de la sociedad civil que tuvieron que buscar un nuevo candidato. Y la pregunta era en aquel entonces \u00bfpor qu\u00e9 de entre todos los candidatos posibles tuvieron que elegir a alguien de tan controvertible perfil?<\/p>\n<p>Hubi\u00e9ramos querido una convocatoria abierta, conocer a los candidatos postulantes y opinar al respecto. Hubi\u00e9ramos querido un proceso absolutamente transparente y participativo, as\u00ed como fue la construcci\u00f3n de la agencia.<\/p>\n<p>En este momento lo que solicitamos es conocer cu\u00e1les fueron los requisitos que se les solicitaron a los postulantes, cu\u00e1ntos postulantes hubo, qui\u00e9nes fueron esos postulantes, cu\u00e1les fueron los razonamientos para elegir a la MVZ Hern\u00e1ndez, etc.<\/p>\n<p>Aprovechamos para solicitar que se haga una convocatoria abierta para elegir a los miembros del Consejo de Asociaciones Protectoras que colaborar\u00e1n con dicha agencia y desde ya exhortamos a formar un Consejo plural.<\/p>\n<p>Buscamos sumar, como lo hicimos en este largo proceso de dos a\u00f1os, y buscamos asegurarnos de que quien encabece un proyecto de esta magnitud comparta con la comunidad animalista la genuina convicci\u00f3n y el \u00fanico inter\u00e9s de beneficiar a los animales no-humanos.<\/p>\n<p>Estaremos pendientes de las acciones de la MVZ Hern\u00e1ndez. Nosotros estamos listos y entusiastas para seguir colaborando.<\/p>\n<table>\n<tbody>\n<tr>\n<td width=\"156\">\n<p style=\"text-align: center;\"><strong>Norma Huerta<\/strong><\/p>\n<\/td>\n<td style=\"text-align: center;\" width=\"156\"><strong>Gabriela Rosales<\/strong><\/td>\n<td style=\"text-align: center;\" width=\"156\"><strong>Berenice Sarabia<\/strong><\/td>\n<td style=\"text-align: center;\" width=\"156\"><strong>Sandra Segovia<\/strong><\/td>\n<\/tr>\n<tr>\n<td style=\"text-align: center;\" width=\"156\"><strong>Mundo Patitas<\/strong><\/td>\n<td style=\"text-align: center;\" width=\"156\"><strong>Protector Independiente<\/strong><\/td>\n<td style=\"text-align: center;\" width=\"156\"><strong>Activista<\/strong><\/td>\n<td width=\"156\">\n<p style=\"text-align: center;\"><strong>Todos Somos Animales<\/strong><\/p>\n<\/td>\n<\/tr>\n<\/tbody>\n<\/table>\n<p><a href=\"#_ftnref1\" name=\"_ftn1\">[1]<\/a>\u00a0<a href=\"https:\/\/www.youtube.com\/watch?v=tUEs7L2blmg\">https:\/\/www.youtube.com\/watch?v=tUEs7L2blmg<\/a><\/p>\n<p>&#8211; &#8211; &#8211; &#8211; &#8211; &#8211; &#8211; &#8211; &#8211; &#8211; &#8211; &#8211; &#8211; &#8211; &#8211; &#8211; &#8211; &#8211; &#8211; &#8211; &#8211; &#8211; &#8211; &#8211; &#8211; &#8211;\u00a0&#8211; &#8211; &#8211; &#8211; &#8211; &#8211; &#8211; &#8211; &#8211; &#8211; &#8211; &#8211; &#8211;\u00a0&#8211; &#8211; &#8211; &#8211; &#8211; &#8211; &#8211; &#8211; &#8211; &#8211; &#8211; &#8211; &#8211;\u00a0&#8211; &#8211; &#8211; &#8211; &#8211; &#8211; &#8211; &#8211; &#8211; &#8211; &#8211;<\/p>\n<p>24 de abril desde las 10:00 acomp\u00e1\u00f1anos en el \u201cForo Animalistas rumbo a la Constituci\u00f3n CDMX\u201d.Ah, y corre la voz.<\/p>\n<p><a href=\"https:\/\/todossomosanimales.org\/web\/wp-content\/uploads\/2016\/04\/13036588_10207491330895443_453369678_o.jpg\"><img loading=\"lazy\" class=\"alignnone size-medium wp-image-196\" src=\"https:\/\/todossomosanimales.org\/web\/wp-content\/uploads\/2016\/04\/13036588_10207491330895443_453369678_o-231x300.jpg\" alt=\"13036588_10207491330895443_453369678_o\" width=\"231\" height=\"300\" srcset=\"https:\/\/todossomosanimales.org\/web\/wp-content\/uploads\/2016\/04\/13036588_10207491330895443_453369678_o-231x300.jpg 231w, https:\/\/todossomosanimales.org\/web\/wp-content\/uploads\/2016\/04\/13036588_10207491330895443_453369678_o-790x1024.jpg 790w, https:\/\/todossomosanimales.org\/web\/wp-content\/uploads\/2016\/04\/13036588_10207491330895443_453369678_o-300x389.jpg 300w, https:\/\/todossomosanimales.org\/web\/wp-content\/uploads\/2016\/04\/13036588_10207491330895443_453369678_o.jpg 876w\" sizes=\"(max-width: 231px) 100vw, 231px\" \/><\/a><\/p>\n<p>&#8211; &#8211; &#8211; &#8211; &#8211; &#8211; &#8211; &#8211; &#8211; &#8211; &#8211; &#8211; &#8211; &#8211; &#8211; &#8211; &#8211; &#8211; &#8211; &#8211; &#8211; &#8211; &#8211; &#8211; &#8211; &#8211;\u00a0&#8211; &#8211; &#8211; &#8211; &#8211; &#8211; &#8211; &#8211; &#8211; &#8211; &#8211; &#8211; &#8211;\u00a0&#8211; &#8211; &#8211; &#8211; &#8211; &#8211; &#8211; &#8211; &#8211; &#8211; &#8211; &#8211;<\/p>\n<p><a href=\"https:\/\/todossomosanimales.org\/web\/wp-content\/uploads\/2015\/09\/gato.png\"><img loading=\"lazy\" class=\"alignleft size-full wp-image-123\" src=\"https:\/\/todossomosanimales.org\/web\/wp-content\/uploads\/2015\/09\/gato.png\" alt=\"gato\" width=\"206\" height=\"201\" data-id=\"123\" \/><\/a><\/p>\n<div class=\"author-heading\">\n<div class=\"author-profile\">\n<div class=\"author-name\">\n<h3>SE LOGR\u00d3 EL OBJETIVO. LOS ANIMALES NO HUMANOS EST\u00c1N EN LA CONSTITUCI\u00d3N CDMX.<\/h3>\n<div class=\"_5x46\">\n<div class=\"clearfix _5va3\">\n<div class=\"_38vo\"><a href=\"https:\/\/www.facebook.com\/LIC.CARRANZA?fref=nf\" data-hovercard-prefer-more-content-show=\"1\" data-hovercard=\"\/ajax\/hovercard\/user.php?id=1830668361&amp;extragetparams=%7B%22fref%22%3A%22nf%22%7D\">Jose Luis Carranza<\/a><\/div>\n<div class=\"clearfix _42ef\">\n<div class=\"_5va4\">\n<div class=\"_6a _5u5j\">\n<div class=\"_6a _5u5j _6b\">\n<div class=\"_5pcp _5lel\">\n<p><span class=\"fsm fwn fcg\"><a class=\"_5pcq\" href=\"https:\/\/www.facebook.com\/photo.php?fbid=10206365139087247&amp;set=a.10200835240203231.1073741871.1830668361&amp;type=3\" target=\"\" rel=\"theater noopener\"><abbr class=\"_5ptz timestamp livetimestamp\" title=\"jueves, 12 de enero de 2017 a las 10:43\" data-shorten=\"1\" data-utime=\"1484239382\"><span id=\"js_10\" class=\"timestampContent\">11 h<\/span><\/abbr><\/a> \u00b7 <a class=\"_5pcq\" href=\"https:\/\/www.facebook.com\/pages\/Ciudad-de-M%C3%A9xico\/114897945188014\" data-hovercard-prefer-more-content-show=\"1\" data-hovercard=\"\/ajax\/hovercard\/page.php?id=114897945188014\">Ciudad de M\u00e9xico<\/a><\/span> \u00b7<\/p>\n<div class=\"_6a _29ee _4f-9 _43_1\" data-tooltip-content=\"Compartido con: Amigos de Jose y de las personas etiquetadas\" data-hover=\"tooltip\"><\/div>\n<\/div>\n<\/div>\n<\/div>\n<\/div>\n<\/div>\n<\/div>\n<\/div>\n<div id=\"js_11\" class=\"_5pbx userContent\" data-ft=\"{&quot;tn&quot;:&quot;K&quot;}\">\n<p>Agradezco de coraz\u00f3n su apoyo para lograr el reconocimiento de los animales como seres SINTIENTES a tod@s los herman@s de lucha, en especial a los que siempre estuvieron presentes de una u otra forma:<\/p>\n<p><a class=\"profileLink\" href=\"https:\/\/www.facebook.com\/MalenyMar\" data-hovercard-prefer-more-content-show=\"1\" data-hovercard=\"\/ajax\/hovercard\/user.php?id=1369896503\">Malena Mar<\/a><br \/>\n<a class=\"profileLink\" href=\"https:\/\/www.facebook.com\/anamaria.gonzalez.121\" data-hovercard-prefer-more-content-show=\"1\" data-hovercard=\"\/ajax\/hovercard\/user.php?id=100001881181844\">Ana Maria Gonzalez<\/a><br \/>\n<a class=\"profileLink\" href=\"https:\/\/www.facebook.com\/entrelacemos\" data-hovercard-prefer-more-content-show=\"1\" data-hovercard=\"\/ajax\/hovercard\/user.php?id=100001482474227\">Muriel Artza<\/a><br \/>\n<a class=\"profileLink\" href=\"https:\/\/www.facebook.com\/esteban.morin.52\" data-hovercard-prefer-more-content-show=\"1\" data-hovercard=\"\/ajax\/hovercard\/user.php?id=100000974481780\">Esteban Mor\u00edn<\/a><br \/>\n<a class=\"profileLink\" href=\"https:\/\/www.facebook.com\/biglulu66\" data-hovercard-prefer-more-content-show=\"1\" data-hovercard=\"\/ajax\/hovercard\/user.php?id=100000022740034\">Lulu Rodriguez<\/a><br \/>\nAntitaurinos Independientes<br \/>\n<a class=\"profileLink\" href=\"https:\/\/www.facebook.com\/leo.jabbasky\" data-hovercard-prefer-more-content-show=\"1\" data-hovercard=\"\/ajax\/hovercard\/user.php?id=100005226490379\">Leonardo Jabbask<\/a><br \/>\n<a class=\"profileLink\" href=\"https:\/\/www.facebook.com\/degel.duverseau\" data-hovercard-prefer-more-content-show=\"1\" data-hovercard=\"\/ajax\/hovercard\/user.php?id=100012296739240\">Degel Du Verseau<\/a><br \/>\n<a class=\"profileLink\" href=\"https:\/\/www.facebook.com\/Elizzza1\" data-hovercard-prefer-more-content-show=\"1\" data-hovercard=\"\/ajax\/hovercard\/user.php?id=789788907\">Katz Nayar<\/a><br \/>\n<a class=\"profileLink\" href=\"https:\/\/www.facebook.com\/segoviasan\" data-hovercard-prefer-more-content-show=\"1\" data-hovercard=\"\/ajax\/hovercard\/user.php?id=1053782324\">Sandra Segovia<\/a><br \/>\n<a class=\"profileLink\" href=\"https:\/\/www.facebook.com\/magdalena.garciacarbajal\" data-hovercard-prefer-more-content-show=\"1\" data-hovercard=\"\/ajax\/hovercard\/user.php?id=100003130447710\">Magi Carbajal<\/a><br \/>\n<a class=\"profileLink\" href=\"https:\/\/www.facebook.com\/neoriddle\" data-hovercard-prefer-more-content-show=\"1\" data-hovercard=\"\/ajax\/hovercard\/user.php?id=100000976616852\">DodoIsra Dodito<\/a><br \/>\n<a class=\"profileLink\" href=\"https:\/\/www.facebook.com\/lisbeth.mere\" data-hovercard-prefer-more-content-show=\"1\" data-hovercard=\"\/ajax\/hovercard\/user.php?id=100002363740286\">Lisbeth Mere<\/a><br \/>\n<a class=\"profileLink\" href=\"https:\/\/www.facebook.com\/bety.pineda.00\" data-hovercard-prefer-more-content-show=\"1\" data-hovercard=\"\/ajax\/hovercard\/user.php?id=1461336296\">Bety Pineda<\/a><br \/>\n<a class=\"profileLink\" href=\"https:\/\/www.facebook.com\/pam.burgos.9\" data-hovercard-prefer-more-content-show=\"1\" data-hovercard=\"\/ajax\/hovercard\/user.php?id=100001864184898\">Pamela Burgos<\/a><br \/>\n<a class=\"profileLink\" href=\"https:\/\/www.facebook.com\/ayeleme.jimenez\" data-hovercard-prefer-more-content-show=\"1\" data-hovercard=\"\/ajax\/hovercard\/user.php?id=100004101824797\">Ayelem Jimenez<\/a><br \/>\nY a tod@s los que apoyaron para obtener este paso hist\u00f3rico.<\/p>\n<p>Un especial agradecimiento para la primer Diputada Animalista Elena Ch\u00e1vez, quien a pesar de las adversidades supo darle voz a los que no la tienen.<\/p>\n<p>https:\/\/www.facebook.com\/LIC.CARRANZA\/posts\/10206365139287252<\/p>\n<p>&#8211; &#8211; &#8211; &#8211; &#8211; &#8211; &#8211; &#8211; &#8211; &#8211; &#8211; &#8211; &#8211; &#8211; &#8211; &#8211; &#8211; &#8211; &#8211; &#8211; &#8211; &#8211; &#8211; &#8211; &#8211; &#8211;\u00a0&#8211; &#8211; &#8211; &#8211; &#8211; &#8211; &#8211; &#8211; &#8211; &#8211; &#8211; &#8211; &#8211;\u00a0&#8211; &#8211; &#8211; &#8211; &#8211; &#8211; &#8211; &#8211; &#8211; &#8211; &#8211; &#8211; &#8211;\u00a0&#8211; &#8211; &#8211; &#8211; &#8211; &#8211; &#8211; &#8211; &#8211; &#8211; &#8211;<\/p>\n<\/div>\n<h3>CDMX, vanguardia en protecci\u00f3n animal<\/h3>\n<p>V\u00edctor Hugo Romo<\/p>\n<\/div>\n<\/div>\n<\/div>\n<div class=\"author-info\">\n<div class=\"entry-meta\">\n<ul class=\"list-inline horaOpinion\">\n<li class=\"publish-date\"><a href=\"http:\/\/www.cronica.com.mx\/notas\/2016\/992770.html#\"><i class=\"fa fa-clock-o\"><\/i> 2016-10-31 <\/a><\/li>\n<\/ul>\n<\/div>\n<div class=\"entry-content\">\n<div>\n<p>La lucha por la defensa, respeto y protecci\u00f3n de los animales consolid\u00f3 \u2014el jueves pasado\u2014 un avance sin precedente en la Ciudad de M\u00e9xico cuando el pleno de la Asamblea Legislativa, por unanimidad, aprob\u00f3 el dictamen presentado por la bancada del PRD para crear el Instituto de Atenci\u00f3n Animal (IAA).<\/p>\n<\/div>\n<p>Pero \u00bfpara qu\u00e9 crear un IAA? Un estudio del Inegi indica que los perros, sin control, crecen un 19% m\u00e1s que la poblaci\u00f3n humana. Lo lamentable es que todos los d\u00edas organizaciones de protecci\u00f3n animal y redes sociales denuncian casos de negligencia, crueldad extrema y deliberada con tintes de ignorancia, exhibicionismo y\/o sadismo.<\/p>\n<p>No es casual la tenencia irresponsable de los animales de compa\u00f1\u00eda, cuando investigaciones se\u00f1alan que el 80% de las mascotas se adquieren por impulso, por un regalo, casi siempre sin consenso familiar y sin considerar ni asumir las responsabilidades que implica.<\/p>\n<p>Por eso promovimos generar una instancia especializada en su protecci\u00f3n. Hoy, por mandato de ley, el gobierno capitalino abrir\u00e1 la primera instituci\u00f3n especializada de Am\u00e9rica Latina responsable de salvaguardar los derechos de los animales en la Ciudad de M\u00e9xico.<\/p>\n<p>Su misi\u00f3n estrat\u00e9gica ser\u00e1 propiciar un cambio cultural que destierre el abandono, maltrato, abuso y, sobre todo, la crueldad contra los animales de convivencia.<\/p>\n<p>Adem\u00e1s, generar\u00e1 pol\u00edticas p\u00fablicas para fomentar trato digno y tenencia responsable. Levantar\u00e1 el primer censo de animales de compa\u00f1\u00eda con sus due\u00f1os, y vigilar\u00e1 que se cumpla la Ley de Protecci\u00f3n y Bienestar de los Animales de la Ciudad de M\u00e9xico.<\/p>\n<p>Su filosof\u00eda privilegia que toda persona respete la integridad de los animales como seres sintientes y, en consecuencia, seamos, junto con la autoridad, corresponsables de su protecci\u00f3n.<\/p>\n<p>El Instituto de Atenci\u00f3n Animal es resultado de m\u00e1s de ocho meses de trabajo, di\u00e1logo y consenso con expertos y con la mayor\u00eda de m\u00e1s de 40 organizaciones protectoras. Un hecho m\u00e1s que nos coloca como ciudad de vanguardia en Am\u00e9rica Latina en materia de protecci\u00f3n, cuidado y respeto de los animales. Vamos por m\u00e1s.<\/p>\n<p><em>* Presidente de la Comisi\u00f3n de Ciencia, Tecnolog\u00eda e Innovaci\u00f3n<\/em><\/p>\n<p>http:\/\/www.cronica.com.mx\/notas\/2016\/992770.html<\/p>\n<\/div>\n<\/div>\n<div style=\"width: 400px;\" class=\"wp-video\"><!--[if lt IE 9]><script>document.createElement('video');<\/script><![endif]-->\n<video class=\"wp-video-shortcode\" id=\"video-20-1\" width=\"400\" height=\"224\" preload=\"metadata\" controls=\"controls\"><source type=\"video\/mp4\" src=\"https:\/\/todossomosanimales.org\/web\/wp-content\/uploads\/2015\/09\/IMG_3033.mp4?_=1\" \/><a href=\"https:\/\/todossomosanimales.org\/web\/wp-content\/uploads\/2015\/09\/IMG_3033.mp4\">https:\/\/todossomosanimales.org\/web\/wp-content\/uploads\/2015\/09\/IMG_3033.mp4<\/a><\/video><\/div>\n<p>&#8211; &#8211; &#8211; &#8211; &#8211; &#8211; &#8211; &#8211; &#8211; &#8211; &#8211; &#8211; &#8211; &#8211; &#8211; &#8211; &#8211; &#8211; &#8211; &#8211; &#8211; &#8211; &#8211; &#8211; &#8211; &#8211;\u00a0&#8211; &#8211; &#8211; &#8211; &#8211; &#8211; &#8211; &#8211; &#8211; &#8211; &#8211; &#8211; &#8211;\u00a0&#8211; &#8211; &#8211; &#8211; &#8211; &#8211; &#8211; &#8211; &#8211; &#8211; &#8211; &#8211; &#8211;\u00a0&#8211; &#8211; &#8211; &#8211; &#8211; &#8211; &#8211; &#8211; &#8211; &#8211; &#8211;<\/p>\n<p><a href=\"http:\/\/www.sinembargo.mx\/22-09-2016\/3094810\"><strong>El proyecto de Constituci\u00f3n de la CdMx \u201cse qued\u00f3 corto\u201d: no garantiza el bienestar animal, denuncian<\/strong><\/a><br \/>\nPor Ivette Lira septiembre 22, 2016 &#8211; 12:03 am \u2022 0<\/p>\n<p>Activistas y grupos civiles en defensa de los derechos de los animales exigen que en la Constituci\u00f3n capitalina se incluyan las cincos libertades b\u00e1sicas del bienestar animal, que incluyen, se garantice a los animales no humanos estar libres de sed y desnutrici\u00f3n, de enfermedades, de incomodidades f\u00edsicas, de miedo y la libertad para expresar sus conductas naturales.<\/p>\n<p>Ciudad de M\u00e9xico, 22 de septiembre (SinEmbargo).- El proyecto de Constituci\u00f3n Pol\u00edtica de la Ciudad de M\u00e9xico \u201cse qued\u00f3 corto\u201d en el tema de asegurar el bienestar animal, ya que \u00fanicamente contempla protecci\u00f3n y deja vac\u00edos que pueden dar paso al maltrato, la falta de esterilizaci\u00f3n, entre otros temas importantes, denunciaron activistas en la materia.<\/p>\n<p>El pasado 15 de septiembre, el Jefe de Gobierno de la Ciudad de M\u00e9xico, Miguel \u00c1ngel Mancera Espinosa, entreg\u00f3 el proyecto de la Carta Magna capitalina realizado por 28 integrantes de la comisi\u00f3n redactora, encabezado por Porfirio Mu\u00f1oz Ledo y fue recibido por Mauricio Farah Gebara, secretario de la C\u00e1mara de diputados.<\/p>\n<p>En materia animal, el Art\u00edculo 14 de la Carta Magna, dentro del criterio de Ciudad solidaria, se busca incluir la protecci\u00f3n a los animales, dividido en cuatro puntos que a continuaci\u00f3n se citan:<\/p>\n<p>1. Toda persona debe respetar la integridad de los animales como seres sintientes. Su protecci\u00f3n es de responsabilidad com\u00fan.<br \/>\n2. Las autoridades de la ciudad garantizar\u00e1n su protecci\u00f3n, bienestar, trato digno y respetuoso mediante la promoci\u00f3n de una cultura de cuidado y tenencia responsable. Asimismo realizar\u00e1n las acciones para la atenci\u00f3n de animales en abandono.<br \/>\n3. El maltrato, mutilaci\u00f3n y abandono de los animales se sancionar\u00e1 de conformidad con las leyes y reglamentos.<br \/>\n4. Las leyes establecer\u00e1n las medidas necesarias para atender riesgos sanitarios y generar los protocolos que impidan el maltrato a los animales.<br \/>\nEl proyecto para la Constituci\u00f3n de la Ciudad de M\u00e9xico contempla una propuesta para la protecci\u00f3n animal que, de acuerdo con organizaciones civiles, no garantizan por completo el derecho animal. Foto: Cuartoscuro<br \/>\nEl proyecto para la Constituci\u00f3n de la Ciudad de M\u00e9xico contempla una propuesta para la protecci\u00f3n animal que, de acuerdo con organizaciones civiles, no garantizan por completo el derecho animal. Foto: Cuartoscuro<\/p>\n<p>Al respecto, Claudia Edwards, directora de Proyectos en M\u00e9xico de la organizaci\u00f3n Humane Society International; Sandra Segovia, fundadora y presidenta de la organizaci\u00f3n Todos Somos Animales y Nydia Cervera, la ciudadana que colg\u00f3 la petici\u00f3n \u201cProyecto de Constituci\u00f3n CdMx no considera a animales no humanos como sujetos de derechos\u201d que ha logrado reunir m\u00e1s de 54 mil 650 firmantes en la plataforma Change, coincidieron en que el proyecto de la Carta Magna capitalina \u201cse qued\u00f3 corto\u201d para garantizar el respeto al derecho animal.<\/p>\n<p>Edwards subray\u00f3 la importancia de ofrecer claridad en los conceptos, ya que algunos como \u201cintegridad\u201d y mutilaci\u00f3n\u201d podr\u00edan prestarse a confusi\u00f3n y, por ejemplo, podr\u00edan motivar a que las personas dejen de esterilizar a sus mascotas. Asimismo, propuso cambiar la palabra \u201ctenencia\u201d por \u201ctutor\u00eda\u201d, pues de alguna manera contradice al primer punto que se refiere a los animales como \u201cseres sintientes\u201d.<\/p>\n<p>\u201cMe preocupa que se presta a interpretaci\u00f3n al no haber definiciones y lejos de ayudar a los animales, me parece que podr\u00eda llegar a ser un problema\u201d, dijo la tambi\u00e9n m\u00e9dico veterinaria de la Universidad Nacional Aut\u00f3noma de M\u00e9xico (UNAM), especialista en comportamiento canino y felino.<br \/>\nDe igual manera propuso incluir las palabras \u201comisi\u00f3n\u201d y \u201cnegligencia\u201d, ya que \u2013explic\u00f3\u2013 hay personas que lastiman a los animales y no les procuran bienestar, a veces, no deliberadamente, sino porque no les brindan atenci\u00f3n m\u00e9dica cuando se enferman, no los vacunan, no les proporcionan un techo, etc\u00e9tera.<\/p>\n<p>Por ello, hizo un llamado a los Constituyentes para que incluyan las cinco libertades b\u00e1sicas del bienestar animal: libres de sed y desnutrici\u00f3n, de enfermedades, de incomodidades f\u00edsicas, de miedo y libres para expresar sus conductas naturales, que hasta el momento, de acuerdo con los activistas, no est\u00e1n siendo contempladas en su totalidad.<\/p>\n<p>La Ley de Protecci\u00f3n a los Animales se encuentra vigente en la Ciudad de M\u00e9xico desde 2002, con reformas aprobadas en 2015. Foto: Cuartoscuro<br \/>\nLa Ley de Protecci\u00f3n a los Animales se encuentra vigente en la Ciudad de M\u00e9xico desde 2002, con reformas aprobadas en 2015. Foto: Cuartoscuro<\/p>\n<p>LO QUE LA ACTUAL LEY CONTEMPLA<\/p>\n<p>En la Ciudad de M\u00e9xico [entonces Distrito Federal] est\u00e1 vigente la Ley de Protecci\u00f3n a los Animales que fue publicada en la Gaceta Oficial capitalina en febrero de 2002. A la legislaci\u00f3n se le hicieron una serie de reformas en abril del a\u00f1o pasado que buscaban mejor la calidad de vida de los animales que habitan en la capital del pa\u00eds, especialmente aquellos considerados como de compa\u00f1\u00eda. Le Ley tambi\u00e9n endureci\u00f3 las multas y penas derivadas del maltrato animal.<\/p>\n<p>En esa Ley tiene como objetivo proteger a los animales, garantizar su bienestar, atenci\u00f3n, buen trato, manutenci\u00f3n, alojamiento, serrallo natural, salud y evitarles el maltrato, la crueldad, el sufrimiento, la zoofilia y deformaci\u00f3n de sus caracter\u00edsticas f\u00edsicas.<br \/>\nY especifica que los animales \u201cobjeto de tutela y protecci\u00f3n\u201d son aquellos que no constituyan plaga y que se encuentren de forma permanente o transitoria dentro del territorio del entonces Distrito Federal. Ah\u00ed se incluyen los animales dom\u00e9sticos, los abandonados, los ferales, los deportivos, los adiestrados, los que sirven de gu\u00eda, los utilizados en espect\u00e1culos, para exhibici\u00f3n, para monta, carga y tiro, as\u00ed como los usados para abasto, medicina tradicional e investigaci\u00f3n cient\u00edfica, los de seguridad y guarda, animaloterap\u00eda, silvestres y los que se encuentran en acuarios y delfinarios.<\/p>\n<p>La Ley contempla amonestaciones, multas e incluso arrestos, y entr\u00f3 en vigor el 1 de enero de esta a\u00f1o. La legislaci\u00f3n proh\u00edbe y prev\u00e9 sanciones por dejar a los animales en azoteas y zotehuelas sin contar con las condiciones de seguridad y sanidad necesarias y que \u00e9stos permanezcan al interior de autos estacionados cerrados. Tambi\u00e9n prev\u00e9 multas para quienes abandonen a animales en v\u00edas o lugares p\u00fablicos.<\/p>\n<p>Proh\u00edbe las peleas de gallos y perros; la venta la compra-venta de especies en la v\u00eda p\u00fablica y otros lugares p\u00fablicos como tianguis, mercados fijos y ambulantes; as\u00ed como deja prohibida la venta a menores de edad.<\/p>\n<p>Proh\u00edbe tambi\u00e9n que se regalen animales vivos en capa\u00f1as pol\u00edticas, sorteos, concursos, juegos y otras actividades similares; adem\u00e1s de que especies sean utilizadas en pr\u00e1cticas de disecci\u00f3n con fines did\u00e1cticos.<\/p>\n<p>En tanto, la Ley vigente castiga con hasta 36 horas de arresto a quien provoque lesiones o la muerte, prolongue la agon\u00eda y provoque sufrimiento a un animal.<\/p>\n<p>LAS DENUNCIAS<\/p>\n<p>El 20 de marzo se habilit\u00f3 la L\u00ednea Ciudadana (5533.5533) para que los ciudadanos denunciaran casos de abuso animal en la Ciudad de M\u00e9xico. Entre esa fecha y el 19 de julio de este a\u00f1o se recibieron poco m\u00e1s de 12 mil 400 llamadas, es decir, unos 15 reportes diarios en promedio.<\/p>\n<p>De todas esas llamadas 46 por ciento (casi seis mil) fueron denuncias de maltro a animales de compa\u00f1\u00eda.<\/p>\n<p>M\u00e1s de la mitad de los casos (54 por ciento del total, casi 7 mil casos) estuvieron relacionados con el abandono de animales de compa\u00f1\u00eda en la v\u00eda p\u00fablica.<\/p>\n<p>Del total de las denuncias, 90 por ciento involucraron a animales de compa\u00f1\u00eda y de ellos, 95 por ciento correspondieron a perros.<\/p>\n<p>Entre el 1 de febrero de 2015 y el 29 de febrero de 2016, la Fiscal\u00eda Desconcentrada en Investigaci\u00f3n de Delitos Ambientales y en Materia de Protecci\u00f3n Urbana de la Procuradur\u00eda Capitalina abri\u00f3 157 averiguaciones previas por maltrato y crueldad animal. De todas ellas s\u00f3lo se ejerci\u00f3 acci\u00f3n penal en 20 casos.<\/p>\n<p>Diversas ONGs entregar\u00e1n en los pr\u00f3ximos d\u00edas a los constituyentes una propuesta en la que se plantea que la Constituci\u00f3n capitalina establezca que los animales no humanos son sujetos de consideraciones jur\u00eddicas que protejan y garanticen su bienestar. Foto: Cuartoscuro<br \/>\nDiversas ONGs entregar\u00e1n en los pr\u00f3ximos d\u00edas a los constituyentes una propuesta en la que se plantea que la Constituci\u00f3n capitalina establezca que los animales no humanos son sujetos de consideraciones jur\u00eddicas que protejan y garanticen su bienestar. Foto: Cuartoscuro<\/p>\n<p>EL CAMINO QUE FALTA<\/p>\n<p>En los pr\u00f3ximos d\u00edas, Claudia Edwards, a nombre de HSI y otras organizaciones no gubernamentales, entregar\u00e1 a los constituyentes una propuesta en la que se plantea que la Constituci\u00f3n capitalina establezca que los animales no humanos son sujetos de consideraciones jur\u00eddicas que protejan y garanticen su bienestar.<\/p>\n<p>La activista se\u00f1al\u00f3 que se prev\u00e9 que se considere que estos animales, en tanto que son seres sintientes, no deben ser sujetos de dolor ni sufrimiento; que la protecci\u00f3n de dichas consideraciones jur\u00eddicas es de responsabilidad com\u00fan.; y que estas consideraciones jur\u00eddicas contemplan el trato digno y respetuoso; y que lo anterior se garantizar\u00e1 mediante la promoci\u00f3n de una cultura de cuidado y tutela responsable, as\u00ed como de disposiciones que emanen de las leyes secundarias que regulen a esta comunidad.<\/p>\n<p>\u201cLa autoridad de la Ciudad de M\u00e9xico est\u00e1 obligada a garantizar los mecanismos necesarios para tutelar el bienestar y la protecci\u00f3n animal, desde el nacimiento hasta su muerte, estableciendo las medidas pertinentes para atender su salud y enfatizando que ning\u00fan animal puede ser sujeto de malos tratos, negligencia, crueldad o zoofilia, incluyendo a aquellos en situaci\u00f3n de calle, so pena de ser sancionado de conformidad con las leyes y reglamentos vigentes y las que emanen de esta constituci\u00f3n. Para efectos de esta constituci\u00f3n se entiende por bienestar animal la condici\u00f3n f\u00edsica y mental del animal en relaci\u00f3n a la capacidad para afrontar los cambios en su entorno, generalmente impuestos por el ser humano. El bienestar animal es positivo cuando el animal est\u00e1 sano, c\u00f3modo, bien alimentado, bien nutrido, seguro, bajo protecci\u00f3n y cuando puede expresar pautas de comportamiento propias de su especie\u201d, detalla la propuesta emanada de la sociedad civil.<br \/>\nEXIGEN SEAN RECONOCIDOS COMO \u201cSUJETOS\u201d<\/p>\n<p>Por su parte, las activista Sandra Segovia y Nydia Cervera aseguraron que el \u00fanico camino para lograr el bienestar de los animales en la capital, es reconocerlos como sujetos de derecho. La fundadora de Todos Somos Animales calific\u00f3 como \u201cerr\u00f3neo\u201d mencionar \u201cprotecci\u00f3n\u201d a los animales y no \u201cderechos\u201d.<\/p>\n<p>\u201cEste proyecto no resuelve la problem\u00e1tica central que se tiene en materia de animales en este momento. Buscamos que la Constituci\u00f3n reconozca que los animales son sujetos de derecho. No resolvemos mucho si no los reconocemos como tal, en realidad no avanzamos casi nada\u201d, puntualiz\u00f3.<br \/>\nAunque Cervera reconoci\u00f3 que el documento es un avance, exigi\u00f3 el \u201creconocimiento absoluto de que son seres vivos, de que son seres sintientes y que necesitan ser objetos de derecho\u201d y que se incluyan a los animales en su totalidad, los de granja, laboratorio, de zool\u00f3gicos, etc\u00e9tera \u201cpara que tengan una vida digna\u201d.<\/p>\n<p>\u201cS\u00ed hay un avance, pero [los constituyentes] se quedaron cortos. Hoy por hoy [los animales] siguen siendo objetos, siguen siendo cosas. Exigimos que haya una protecci\u00f3n a los derechos de los animales no humanos en la Constituci\u00f3n\u201d, a\u00f1adi\u00f3.<br \/>\nFinalmente, Segovia critic\u00f3 que el proyecto fue escrito \u201ca la ligera\u201d y sin conocimiento en materia. \u201cNo s\u00e9 si las personas que lo escribieron tengan poca informaci\u00f3n sobre la problem\u00e1tica animal, pero no veo mano de expertos juristas\u201d, raz\u00f3n por la que invit\u00f3 a los constituyentes a acercarse con especialistas en temas jur\u00eddicos y a las organizaciones animalistas.<\/p>\n<blockquote class=\"wp-embedded-content\" data-secret=\"cbvN3fpSG5\"><p><a href=\"https:\/\/www.sinembargo.mx\/22-09-2016\/3094810\">El proyecto de Constituci\u00f3n de la CdMx &#8220;se qued\u00f3 corto&#8221;: no garantiza el bienestar animal, denuncian<\/a><\/p><\/blockquote>\n<p><iframe class=\"wp-embedded-content\" sandbox=\"allow-scripts\" security=\"restricted\" style=\"position: absolute; clip: rect(1px, 1px, 1px, 1px);\" title=\"\u00abEl proyecto de Constituci\u00f3n de la CdMx &#8220;se qued\u00f3 corto&#8221;: no garantiza el bienestar animal, denuncian\u00bb \u2014 SinEmbargo MX\" src=\"https:\/\/www.sinembargo.mx\/22-09-2016\/3094810\/embed#?secret=cbvN3fpSG5\" data-secret=\"cbvN3fpSG5\" width=\"500\" height=\"282\" frameborder=\"0\" marginwidth=\"0\" marginheight=\"0\" scrolling=\"no\"><\/iframe><\/p>\n<ul>\n<li>&#8211; &#8211; &#8211; &#8211; &#8211; &#8211; &#8211; &#8211; &#8211; &#8211; &#8211; &#8211; &#8211; &#8211; &#8211; &#8211; &#8211; &#8211; &#8211; &#8211; &#8211; &#8211; &#8211; &#8211; &#8211; &#8211;\u00a0&#8211; &#8211; &#8211; &#8211; &#8211; &#8211; &#8211; &#8211; &#8211; &#8211; &#8211; &#8211; &#8211;\u00a0&#8211; &#8211; &#8211; &#8211; &#8211; &#8211; &#8211; &#8211; &#8211; &#8211; &#8211; &#8211; &#8211;\u00a0&#8211; &#8211; &#8211; &#8211; &#8211; &#8211; &#8211; &#8211; &#8211; &#8211; &#8211;<\/li>\n<\/ul>\n<h1>\u00bfDerechos para animales? En M\u00e9xico hay leyes que los protegen, pero son letra muerta, afirman ONGs<\/h1>\n<p><span class=\"post_author\">Por <a class=\"post_author_link\" href=\"http:\/\/www.sinembargo.mx\/author\/ivettelira\">Ivette Lira<\/a> <\/span><span class=\"date\">diciembre 10, 2015<\/span> <span class=\"time\">&#8211; 00:02h<\/span> <i class=\"fa fa-square\"><\/i><a class=\"post_comments\" href=\"http:\/\/www.sinembargo.mx\/10-12-2015\/1573720#comments\" target=\"_self\" rel=\"noopener\">3 Comentarios<\/a><\/p>\n<h3>M\u00e9xico tiene una legislaci\u00f3n interesante en materia de protecci\u00f3n animal, pero \u201cle hemos jugado mucho al tonto, creemos que con muchas leyes, las cosas van a funcionar, pero no es as\u00ed\u201d, se\u00f1ala Gustavo Larios, fundador de la Asociaci\u00f3n Mexicana por los Derechos de los Animales.<\/h3>\n<p><img loading=\"lazy\" class=\"size-full wp-image-1574259\" src=\"http:\/\/www.sinembargo.mx\/wp-content\/uploads\/2015\/12\/shutterstock_237893119.jpg\" alt=\"Foto: Shutterstock.\" width=\"700\" height=\"465\" \/><\/p>\n<p>Ciudad de M\u00e9xico, 10 de diciembre (SinEmbargo).\u2013 Desde 1997, cada 10 de diciembre se celebra el D\u00eda Internacional de los Derechos Animales, el cual incluye en su declaratoria que \u201cel hombre, como especie animal, no puede atribuirse el derecho de exterminar a los otros animales o de explotarlos, violando ese derecho. Tiene la obligaci\u00f3n de poner sus conocimientos al servicio de los animales\u201d, sin embargo la realidad no se apega a ello.<\/p>\n<p>\u00bfCu\u00e1ntas veces hemos atestiguado pr\u00e1cticas abusivas en contra de animales? Ni siquiera las mascotas se salvan: perros en azoteas, flacos, encadenados, sedientos, con el rayo de sol apunt\u00e1ndoles todo el d\u00eda, \u00bfles suena? Qu\u00e9 decir de las especies destinada para el consumo humano, gallinas, vacas, cerdos, todos ellos hacinados sin poder dar vuelta, en el caso de las aves sin la libertad m\u00ednima de estirar sus alas.<\/p>\n<p>\u201cLos animales no humanos son sujetos de derecho\u201d, destaca Sandra Segovia, fundadora de la organizaci\u00f3n civil Todos somos animales y subraya que existe un nivel de impunidad pr\u00e1cticamente total en materia de maltrato animal en todo el territorio mexicano.<\/p>\n<blockquote><p>Ante esto, la animalista cuestiona:\u201d\u00bfDe qu\u00e9 sirve una ley muy evolucionada si en t\u00e9rminos pr\u00e1cticos estar\u00eda resultando casi como en un Estado donde no hay Ley? El hecho de que la leyes se apliquen es excepcional, no es la regla, m\u00e1s all\u00e1 de buscar que las leyes evolucionen, se deber\u00eda buscar dar a los ciudadanos los canales adecuados de denuncia\u201d.<\/p><\/blockquote>\n<p>Aunque reconoce que hay leyes que se han trabajado y que han cambiado mucho desde hace veinte a\u00f1os (cuando inici\u00f3 con su activismo), destaca que la ley no se respeta. \u201cDonde hay impunidad es como si no hubiera ley\u201d, remarca.<\/p>\n<h3><strong>LEYES QUE PROTEGEN ANIMALES, LETRA MUERTA<\/strong><\/h3>\n<p>En M\u00e9xico existen instancias que tienen la capacidad de defender a los animales, entre ellas se encuentran la Secretar\u00eda de Agricultura, Ganader\u00eda, Desarrollo Rural, Pesca y Alimentaci\u00f3n (Sagarpa); la de Medio Ambiente y Recursos Naturales (Semarnat); la de Salud (SSa) y la Procuradur\u00eda Federal de Protecci\u00f3n al Ambiente (Profepa), no obstante, \u201cno hacen nada, la ley queda en letra muerta, dijo Gustavo Larios, fundador de la Asociaci\u00f3n Mexicana por los Derechos de los Animales (Amedea), en entrevista con <strong>SinEmbargo<\/strong>.<\/p>\n<p>Cuando se habla de pasar a C\u00f3digo Penal el maltrato a los animales implica una sanci\u00f3n de c\u00e1rcel, que tiene la funci\u00f3n de inhibir pr\u00e1cticas crueles, as\u00ed como la posibilidad de la rehabilitaci\u00f3n, o sea que el sujeto que agrede a un animal reciba tratamiento psicol\u00f3gico o psiqui\u00e1trico, expone.<\/p>\n<p>Sin embargo, hace hincapi\u00e9 en que \u201calgunos partidos y personajes que se dicen defensores de animales ya tomaron esto como \u2018banderita\u2019 y est\u00e1n haciendo un trabajo de una muy baja calidad, dir\u00eda yo mal\u00edsima\u201d.<\/p>\n<p><img loading=\"lazy\" class=\"size-full wp-image-1574317\" src=\"http:\/\/www.sinembargo.mx\/wp-content\/uploads\/2015\/12\/elefante.jpg\" alt=\"Elefanta maltratada en un circo mexicano. Foto: Cuartoscuro.\" width=\"700\" height=\"467\" \/><\/p>\n<p>El Partido Verde, en palabras del activista, ha tenido mucha culpa en esto y quienes festejan con ellos.<\/p>\n<blockquote><p>\u201cGuanajuato ya fue el descaro\u201d, pues no penaliza con un s\u00f3lo d\u00eda de c\u00e1rcel, y en Nuevo Le\u00f3n, seis meses en prisi\u00f3n es la pena m\u00e1xima, acusa. Un ejemplo de esta situaci\u00f3n es que hace unos d\u00edas, los diputados de la Comisi\u00f3n de Puntos Constitucionales aprobaron por unanimidad, el dictamen de una iniciativa para reformar la Constituci\u00f3n, con el objetivo de que el Congreso de la Uni\u00f3n tenga facultad de legislar en materia de protecci\u00f3n animal, con la concurrencia de los tres \u00f3rdenes de gobierno.<\/p><\/blockquote>\n<p>M\u00e9xico tiene una legislaci\u00f3n interesante en dicha materia, pero \u201cle hemos jugado mucho al tonto, creemos que con muchas leyes, las cosas van a funcionar, pero no es as\u00ed\u201d, se\u00f1ala Larios y subraya la necesidad de implementar pol\u00edticas, protocolos de actuaci\u00f3n, enlaces, espacios para llevar a las v\u00edctimas y centros de rehabilitaci\u00f3n psicol\u00f3gica para los abusadores.<\/p>\n<p>Entre las regulaciones que se han implementado para proteger a los animales se encuentran: la <a href=\"http:\/\/www.diputados.gob.mx\/LeyesBiblio\/pdf\/148_090115.pdf\" target=\"_blank\" rel=\"noopener noreferrer\">Ley General del Equilibrio Ecol\u00f3gico y la Protecci\u00f3n al Ambiente<\/a>, la <a href=\"http:\/\/www.diputados.gob.mx\/LeyesBiblio\/pdf\/LFSA.pdf\" target=\"_blank\" rel=\"noopener noreferrer\">Ley Federal de Sanidad Animal<\/a>, la <a href=\"http:\/\/www.diputados.gob.mx\/LeyesBiblio\/pdf\/146_260115.pdf\" target=\"_blank\" rel=\"noopener noreferrer\">Ley General de Vida Silvestre<\/a>, y diversas Normas Oficiales Mexicanas (como la <a href=\"http:\/\/www.profepa.gob.mx\/innovaportal\/file\/435\/1\/NOM_059_SEMARNAT_2010.pdf\" target=\"_blank\" rel=\"noopener noreferrer\">NOM-059-SEMARNAT-2010<\/a>, que contempla la protecci\u00f3n de animales silvestres), C\u00f3digos Penales y C\u00f3digos Civiles locales, as\u00ed como Leyes de Protecci\u00f3n Animal en todas las entidades federativas.<\/p>\n<h3><strong>PROTECCI\u00d3N A LOS ANIMALES, BENEFICIO DE LOS HUMANOS<\/strong><\/h3>\n<p>Sobre la penalizaci\u00f3n, el punto central ni siquiera es la protecci\u00f3n propiamente del animal, el punto central es la peligrosidad. Lo que dicen los crimin\u00f3logos es que un sujeto que tortura animales es muy peligroso, no solamente porque puede matar a cualquier gente igual, sino porque est\u00e1 mostrando mayor sa\u00f1a porque el animal es totalmente indefenso, no le representa ninguna ganancia el matarlo con crueldad. Cuando un asaltante mata a una persona, si bien no tiene justificaci\u00f3n, tiene el sentido de robar, explica el experto.<\/p>\n<p>Por ello, alerta a los legisladores para que presten atenci\u00f3n, pues \u201cno han entendido que se trata de peligrosidad [para los humanos]\u201c. Poner una sanci\u00f3n alta a quien tortura animales, lleva a proteger mejor a los ciudadanos; es decir, beneficia al humano, asegura.<\/p>\n<p>Es un tema que requiere much\u00edsima capacitaci\u00f3n de las autoridades; sin embargo, acusa que una gran cantidad de legisladores no son abogados ni cuentan con ninguna otra profesi\u00f3n.<\/p>\n<p>\u201cHay muchas cosas que cambiar, pero todo se reduce a pol\u00edticas en educaci\u00f3n, salud animal y trato \u00e9tico a los animales\u201d.<\/p>\n<h3><strong>AS\u00cd PROTEGEN A LOS ANIMALES EN EL MUNDO<\/strong><\/h3>\n<p>El caso de Suiza es \u00fanico: si se comprueba un maltrato cruel, los animales pueden llegar incluso a tener un abogado que el propio Gobierno les asigna. Reino Unido fue el primer pa\u00eds en tipificar el maltrato animal como delito, all\u00ed las peleas de perros est\u00e1n prohibidas y los derechos de los caballos y del ganado son reconocidos.<\/p>\n<p>En Alemania se castiga el maltrato animal hasta con tres a\u00f1os de prisi\u00f3n y Francia sanciona con c\u00e1rcel o multa a quien cometa esta pr\u00e1ctica; Italia lo castiga de la misma manera, incluyendo a quienes obligan a trabajar forzadamente a las criaturas, sin necesidad.<\/p>\n<p><img loading=\"lazy\" class=\"size-full wp-image-1574300\" src=\"http:\/\/www.sinembargo.mx\/wp-content\/uploads\/2015\/12\/Pajaritos_de_la_suerte-2.jpg\" alt=\"Foto: Cuartoscuro\" width=\"700\" height=\"465\" \/><\/p>\n<p>Fuente: http:\/\/www.sinembargo.mx\/10-12-2015\/1573720<\/p>\n<p><strong><a href=\"https:\/\/todossomosanimales.org\/web\/noticias\/buenas-noticias\/\">Buenas noticias<\/a><\/strong> |<strong><a href=\"https:\/\/todossomosanimales.org\/web\/noticias\/obituarios\/\"> Obituarios<\/a> <\/strong>| <strong><a href=\"https:\/\/todossomosanimales.org\/web\/noticias\/emergencias\/\">Emergencias<\/a> <\/strong>| <strong><a href=\"https:\/\/todossomosanimales.org\/web\/noticias\/extravios\/\">Extrav\u00edos<\/a><\/strong><\/p>\n","protected":false},"excerpt":{"rendered":"<p>\u00a0Los albergues para animales de la CDMX est\u00e1n en emergencia: no hay donaciones y falta alimento Debido al coronavirus, los animales tanto de refugios, como de zool\u00f3gicos est\u00e1n al borde de una hambruna Por\u00a0Ana Hern\u00e1ndez Castillo 6 de Mayo de 2020 Los animales tambi\u00e9n sufrir\u00e1n las consecuencias de la pandemia (Foto: Shutterstock) La pandemia del &hellip;<\/p>\n<p class=\"read-more\"> <a class=\"\" href=\"https:\/\/todossomosanimales.org\/web\/noticias\/\"> <span class=\"screen-reader-text\">Noticias<\/span> Leer m\u00e1s &raquo;<\/a><\/p>\n","protected":false},"author":1,"featured_media":0,"parent":0,"menu_order":7,"comment_status":"open","ping_status":"closed","template":"","meta":{"site-sidebar-layout":"default","site-content-layout":"default","ast-main-header-display":"","ast-hfb-above-header-display":"","ast-hfb-below-header-display":"","ast-hfb-mobile-header-display":"","site-post-title":"","ast-breadcrumbs-content":"","ast-featured-img":"","footer-sml-layout":"","theme-transparent-header-meta":"","adv-header-id-meta":"","stick-header-meta":"","header-above-stick-meta":"","header-main-stick-meta":"","header-below-stick-meta":""},"_links":{"self":[{"href":"https:\/\/todossomosanimales.org\/web\/wp-json\/wp\/v2\/pages\/20"}],"collection":[{"href":"https:\/\/todossomosanimales.org\/web\/wp-json\/wp\/v2\/pages"}],"about":[{"href":"https:\/\/todossomosanimales.org\/web\/wp-json\/wp\/v2\/types\/page"}],"author":[{"embeddable":true,"href":"https:\/\/todossomosanimales.org\/web\/wp-json\/wp\/v2\/users\/1"}],"replies":[{"embeddable":true,"href":"https:\/\/todossomosanimales.org\/web\/wp-json\/wp\/v2\/comments?post=20"}],"version-history":[{"count":37,"href":"https:\/\/todossomosanimales.org\/web\/wp-json\/wp\/v2\/pages\/20\/revisions"}],"predecessor-version":[{"id":1815,"href":"https:\/\/todossomosanimales.org\/web\/wp-json\/wp\/v2\/pages\/20\/revisions\/1815"}],"wp:attachment":[{"href":"https:\/\/todossomosanimales.org\/web\/wp-json\/wp\/v2\/media?parent=20"}],"curies":[{"name":"wp","href":"https:\/\/api.w.org\/{rel}","templated":true}]}}